{"id":8938,"date":"2025-03-01T13:04:25","date_gmt":"2025-03-01T13:04:25","guid":{"rendered":"https:\/\/elevatecompetences.com\/?page_id=8938"},"modified":"2025-10-14T12:20:11","modified_gmt":"2025-10-14T12:20:11","slug":"socios","status":"publish","type":"page","link":"https:\/\/elevatecompetences.com\/es\/socios\/","title":{"rendered":"Socios"},"content":{"rendered":"<div data-elementor-type=\"wp-page\" data-elementor-id=\"8938\" class=\"elementor elementor-8938\">\n\t\t\t\t<div class=\"elementor-element elementor-element-7b550b70 e-grid e-con-boxed e-con e-parent\" data-id=\"7b550b70\" data-element_type=\"container\" data-e-type=\"container\">\n\t\t\t\t\t<div class=\"e-con-inner\">\n\t\t\t\t<div class=\"elementor-element elementor-element-67db7322 elementor-widget elementor-widget-image\" data-id=\"67db7322\" data-element_type=\"widget\" data-e-type=\"widget\" data-widget_type=\"image.default\">\n\t\t\t\t<div class=\"elementor-widget-container\">\n\t\t\t\t\t\t\t\t\t\t\t\t\t\t\t<img decoding=\"async\" width=\"231\" height=\"166\" src=\"https:\/\/elevatecompetences.com\/wp-content\/uploads\/2025\/02\/AF-MU-LOGOS-RGB-POSITIVO-1-TT-01.png\" class=\"attachment-medium size-medium wp-image-8570\" alt=\"logo universidad de mondragon\" \/>\t\t\t\t\t\t\t\t\t\t\t\t\t\t\t<\/div>\n\t\t\t\t<\/div>\n\t\t\t\t<div class=\"elementor-element elementor-element-5455893b elementor-widget elementor-widget-image\" data-id=\"5455893b\" data-element_type=\"widget\" data-e-type=\"widget\" data-widget_type=\"image.default\">\n\t\t\t\t<div class=\"elementor-widget-container\">\n\t\t\t\t\t\t\t\t\t\t\t\t\t\t\t<img fetchpriority=\"high\" decoding=\"async\" width=\"300\" height=\"210\" src=\"https:\/\/elevatecompetences.com\/wp-content\/uploads\/2025\/02\/logo-UBE-300x210.jpg\" class=\"attachment-medium size-medium wp-image-8572\" alt=\"\" srcset=\"https:\/\/elevatecompetences.com\/wp-content\/uploads\/2025\/02\/logo-UBE-300x210.jpg 300w, https:\/\/elevatecompetences.com\/wp-content\/uploads\/2025\/02\/logo-UBE-1024x716.jpg 1024w, https:\/\/elevatecompetences.com\/wp-content\/uploads\/2025\/02\/logo-UBE-768x537.jpg 768w, https:\/\/elevatecompetences.com\/wp-content\/uploads\/2025\/02\/logo-UBE.jpg 1182w\" sizes=\"(max-width: 300px) 100vw, 300px\" \/>\t\t\t\t\t\t\t\t\t\t\t\t\t\t\t<\/div>\n\t\t\t\t<\/div>\n\t\t\t\t<div class=\"elementor-element elementor-element-2d78570f elementor-widget__width-initial elementor-widget elementor-widget-image\" data-id=\"2d78570f\" data-element_type=\"widget\" data-e-type=\"widget\" data-widget_type=\"image.default\">\n\t\t\t\t<div class=\"elementor-widget-container\">\n\t\t\t\t\t\t\t\t\t\t\t\t\t\t\t<img decoding=\"async\" width=\"400\" height=\"400\" src=\"https:\/\/elevatecompetences.com\/wp-content\/uploads\/2025\/09\/200608_leiz-tc-2020-social-media-button-400px-1-a.png\" class=\"attachment-large size-large wp-image-9704\" alt=\"\" srcset=\"https:\/\/elevatecompetences.com\/wp-content\/uploads\/2025\/09\/200608_leiz-tc-2020-social-media-button-400px-1-a.png 400w, https:\/\/elevatecompetences.com\/wp-content\/uploads\/2025\/09\/200608_leiz-tc-2020-social-media-button-400px-1-a-300x300.png 300w, https:\/\/elevatecompetences.com\/wp-content\/uploads\/2025\/09\/200608_leiz-tc-2020-social-media-button-400px-1-a-150x150.png 150w\" sizes=\"(max-width: 400px) 100vw, 400px\" \/>\t\t\t\t\t\t\t\t\t\t\t\t\t\t\t<\/div>\n\t\t\t\t<\/div>\n\t\t\t\t\t<\/div>\n\t\t\t\t<\/div>\n\t\t<div class=\"elementor-element elementor-element-4a0c3bec e-grid e-con-boxed e-con e-parent\" data-id=\"4a0c3bec\" data-element_type=\"container\" data-e-type=\"container\">\n\t\t\t\t\t<div class=\"e-con-inner\">\n\t\t\t\t<div class=\"elementor-element elementor-element-5e09d0f1 elementor-widget elementor-widget-text-editor\" data-id=\"5e09d0f1\" data-element_type=\"widget\" data-e-type=\"widget\" data-widget_type=\"text-editor.default\">\n\t\t\t\t<div class=\"elementor-widget-container\">\n\t\t\t\t\t\t\t\t\t<p data-start=\"0\" data-end=\"112\">Mondragon Unibertsitatea es una universidad privada cooperativa y sin \u00e1nimo de lucro situada en el Pa\u00eds Vasco.<\/p><p data-start=\"114\" data-end=\"233\">La universidad ofrece una amplia variedad de <strong data-start=\"159\" data-end=\"192\">Grados, M\u00e1steres y Doctorados<\/strong> a trav\u00e9s de sus diferentes facultades:<\/p><ul data-start=\"235\" data-end=\"435\"><li data-start=\"235\" data-end=\"265\"><p data-start=\"237\" data-end=\"265\"><strong data-start=\"237\" data-end=\"263\">Facultad de Ingenier\u00eda<\/strong><\/p><\/li><li data-start=\"266\" data-end=\"308\"><p data-start=\"268\" data-end=\"308\"><strong data-start=\"268\" data-end=\"306\">Facultad de Ciencias Empresariales<\/strong><\/p><\/li><li data-start=\"309\" data-end=\"367\"><p data-start=\"311\" data-end=\"367\"><strong data-start=\"311\" data-end=\"365\">Facultad de Humanidades y Ciencias de la Educaci\u00f3n<\/strong><\/p><\/li><li data-start=\"368\" data-end=\"435\"><p data-start=\"370\" data-end=\"435\"><strong data-start=\"370\" data-end=\"433\">Facultad de Ciencias Gastron\u00f3micas \u2013 Basque Culinary Center<\/strong><\/p><\/li><\/ul><p data-start=\"437\" data-end=\"709\"><strong data-start=\"437\" data-end=\"482\">Comprometida con la transformaci\u00f3n social<\/strong>, que se materializa en su modelo participativo, Mondragon Unibertsitatea forma parte de la <strong data-start=\"574\" data-end=\"599\">Corporaci\u00f3n MONDRAGON<\/strong>, con una clara vocaci\u00f3n humanista y un firme compromiso con su entorno, su sociedad y los tiempos actuales.<\/p><p data-start=\"711\" data-end=\"1021\">Su <strong data-start=\"714\" data-end=\"734\">modelo educativo<\/strong> implica un sistema de relaciones que, teniendo al sistema educativo como eje central, busca <strong data-start=\"827\" data-end=\"872\">involucrar a las empresas e instituciones<\/strong> para garantizar la accesibilidad social, la combinaci\u00f3n de trabajo y estudio, el desarrollo de la investigaci\u00f3n y la oferta de formaci\u00f3n continua.<\/p><p data-start=\"1023\" data-end=\"1516\" data-is-last-node=\"\" data-is-only-node=\"\"><strong data-start=\"1023\" data-end=\"1171\">Innovaci\u00f3n, tradici\u00f3n, universalidad, creatividad, dinamismo, investigaci\u00f3n, fiabilidad, cercan\u00eda, conexi\u00f3n con el exterior y una mirada amplia.<\/strong> Estos son algunos de los atributos que definen a <strong data-start=\"1221\" data-end=\"1249\">Mondragon Unibertsitatea<\/strong>, una universidad <strong data-start=\"1267\" data-end=\"1300\">pr\u00e1ctica, real y comprometida<\/strong>, centrada en el desarrollo de las personas, orientada a las necesidades de la empresa y de la sociedad, y concebida para afrontar los desaf\u00edos del mundo real, donde el conocimiento y su aplicaci\u00f3n no tienen l\u00edmites.<\/p>\t\t\t\t\t\t\t\t<\/div>\n\t\t\t\t<\/div>\n\t\t\t\t<div class=\"elementor-element elementor-element-31a24ee5 elementor-widget elementor-widget-text-editor\" data-id=\"31a24ee5\" data-element_type=\"widget\" data-e-type=\"widget\" data-widget_type=\"text-editor.default\">\n\t\t\t\t<div class=\"elementor-widget-container\">\n\t\t\t\t\t\t\t\t\t<p>La <strong data-start=\"3\" data-end=\"34\">Universit\u00e9 De Bourgogne Europa<\/strong> lidera un <strong data-start=\"45\" data-end=\"80\">proyecto ambicioso y unificador<\/strong> para responder a los <strong data-start=\"102\" data-end=\"139\">desaf\u00edos sociales y territoriales<\/strong> del presente y del futuro.<\/p><p data-start=\"170\" data-end=\"446\">Universidad <strong data-start=\"182\" data-end=\"202\">multidisciplinar<\/strong>, la Universit\u00e9 Bourgogne Europe ofrece <strong data-start=\"242\" data-end=\"272\">400 programas de formaci\u00f3n<\/strong> y cuenta con <strong data-start=\"286\" data-end=\"322\">28 laboratorios de investigaci\u00f3n<\/strong>, que exploran temas que van desde la <strong data-start=\"360\" data-end=\"375\">arqueolog\u00eda<\/strong> hasta la <strong data-start=\"385\" data-end=\"412\">inteligencia artificial<\/strong> y las <strong data-start=\"419\" data-end=\"443\">ciencias de la salud<\/strong>.<\/p><p data-start=\"448\" data-end=\"698\"><strong data-start=\"448\" data-end=\"514\">Optimista, resiliente, con visi\u00f3n de futuro y abierta al mundo<\/strong>, la Universit\u00e9 Bourgogne Europe contribuye plenamente a la evoluci\u00f3n y transici\u00f3n de sus regiones, mediante una estrategia de formaci\u00f3n e investigaci\u00f3n basada en <strong data-start=\"677\" data-end=\"695\">cuatro pilares<\/strong>:<\/p><ul data-start=\"700\" data-end=\"927\"><li data-start=\"700\" data-end=\"772\"><p data-start=\"702\" data-end=\"772\"><strong data-start=\"702\" data-end=\"770\">Transiciones tecnol\u00f3gicas, materiales inteligentes y sostenibles<\/strong><\/p><\/li><li data-start=\"773\" data-end=\"825\"><p data-start=\"775\" data-end=\"825\"><strong data-start=\"775\" data-end=\"823\">Tierra, medio ambiente, alimentaci\u00f3n y clima<\/strong><\/p><\/li><li data-start=\"826\" data-end=\"875\"><p data-start=\"828\" data-end=\"875\"><strong data-start=\"828\" data-end=\"873\">Enfoque sist\u00e9mico e integrado de la salud<\/strong><\/p><\/li><li data-start=\"876\" data-end=\"927\"><p data-start=\"878\" data-end=\"927\"><strong data-start=\"878\" data-end=\"925\">Artes, cultura y humanidades en la sociedad<\/strong><\/p><\/li><\/ul><p data-start=\"929\" data-end=\"1514\">Como <strong data-start=\"934\" data-end=\"957\">universidad europea<\/strong> a trav\u00e9s de su pertenencia a la <strong data-start=\"990\" data-end=\"1009\">alianza FORTHEM<\/strong>, la Universit\u00e9 Bourgogne Europe aspira a convertirse en un <strong data-start=\"1069\" data-end=\"1104\">campus europeo de pleno derecho<\/strong>. Estudiantes, personal administrativo, investigadores y profesores-investigadores tienen la oportunidad de formarse y trabajar en las <strong data-start=\"1239\" data-end=\"1268\">8 universidades asociadas<\/strong> (Mainz en Alemania, Valencia en Espa\u00f1a, Palermo en Italia, Jyv\u00e4skyl\u00e4 en Finlandia, Agder en Noruega y Sibu en Ruman\u00eda). Existe una amplia variedad de programas de <strong data-start=\"1432\" data-end=\"1462\">intercambio y colaboraci\u00f3n<\/strong> disponibles para toda la comunidad universitaria.<\/p><p data-start=\"1516\" data-end=\"1874\" data-is-last-node=\"\" data-is-only-node=\"\">Como <strong data-start=\"1521\" data-end=\"1542\">universidad local<\/strong>, la Universit\u00e9 Bourgogne Europe tambi\u00e9n est\u00e1 <strong data-start=\"1588\" data-end=\"1654\">arraigada en las distintas regiones de Bourgogne-Franche-Comt\u00e9<\/strong>, con sus <strong data-start=\"1664\" data-end=\"1676\">6 campus<\/strong> (Auxerre, Chalon-sur-Sa\u00f4ne, Dijon, Le Creusot, M\u00e2con y Nevers), donde la formaci\u00f3n y la investigaci\u00f3n se <strong data-start=\"1782\" data-end=\"1837\">ajustan cuidadosamente a las necesidades econ\u00f3micas<\/strong> de cada territorio y a su evoluci\u00f3n<\/p>\t\t\t\t\t\t\t\t<\/div>\n\t\t\t\t<\/div>\n\t\t\t\t<div class=\"elementor-element elementor-element-41ce8d83 elementor-widget elementor-widget-text-editor\" data-id=\"41ce8d83\" data-element_type=\"widget\" data-e-type=\"widget\" data-widget_type=\"text-editor.default\">\n\t\t\t\t<div class=\"elementor-widget-container\">\n\t\t\t\t\t\t\t\t\t<p data-start=\"0\" data-end=\"393\">La <strong data-start=\"3\" data-end=\"28\">Transcultural Caravan<\/strong> es un <strong data-start=\"35\" data-end=\"67\">centro de pensamiento global<\/strong>, que ofrece <strong data-start=\"80\" data-end=\"170\">plataformas innovadoras de aprendizaje, investigaci\u00f3n, intercambio y creaci\u00f3n de redes<\/strong>. Iniciada por el <strong data-start=\"188\" data-end=\"230\">Leadership Excellence Institute | LEIZ<\/strong> de la <strong data-start=\"237\" data-end=\"260\">Zeppelin University<\/strong>, el objetivo principal de la Transcultural Caravan es abordar <strong data-start=\"323\" data-end=\"390\">cuestiones visionarias sobre cooperaci\u00f3n, liderazgo y educaci\u00f3n<\/strong>.<\/p><p data-start=\"395\" data-end=\"606\">Junto con los miembros de la <strong data-start=\"424\" data-end=\"453\">Red Transcultural Caravan<\/strong>, somos los organizadores del <strong data-start=\"483\" data-end=\"518\">Transcultural Leadership Summit<\/strong>, un evento global anual centrado en el <strong data-start=\"558\" data-end=\"603\">liderazgo y la colaboraci\u00f3n transcultural<\/strong>.<\/p><p data-start=\"608\" data-end=\"843\">Somos el hogar del <strong data-start=\"627\" data-end=\"667\">Transcultural Student Research Group<\/strong>, un formato para <strong data-start=\"685\" data-end=\"712\">estudiantes entusiastas<\/strong> que abordan preguntas de investigaci\u00f3n en un <strong data-start=\"758\" data-end=\"793\">viaje de aprendizaje compartido<\/strong> junto a socios de cooperaci\u00f3n de todo el mundo.<\/p><p data-start=\"845\" data-end=\"969\">Publicamos la <strong data-start=\"859\" data-end=\"894\">Transcultural Management Series<\/strong>, una serie de libros dedicada a la <strong data-start=\"930\" data-end=\"966\">transculturalidad y el liderazgo<\/strong>.<\/p><p data-start=\"971\" data-end=\"1128\">Reunimos a <strong data-start=\"982\" data-end=\"1021\">investigadores de distintos \u00e1mbitos<\/strong> para explorar el <strong data-start=\"1039\" data-end=\"1080\">potencial de un enfoque transcultural<\/strong> tanto para la academia como para la pr\u00e1ctica.<\/p><p data-start=\"1130\" data-end=\"1236\">Desarrollamos <strong data-start=\"1144\" data-end=\"1197\">formatos de aprendizaje y formaci\u00f3n transcultural<\/strong> para organizaciones y universidades.<\/p><p data-start=\"1238\" data-end=\"1371\" data-is-last-node=\"\" data-is-only-node=\"\">Somos un <strong data-start=\"1247\" data-end=\"1293\">espacio abierto a tus ideas y pensamientos<\/strong>, una <strong data-start=\"1299\" data-end=\"1370\">comunidad de pr\u00e1ctica unida por el esp\u00edritu de la transculturalidad<\/strong>.<\/p>\t\t\t\t\t\t\t\t<\/div>\n\t\t\t\t<\/div>\n\t\t\t\t\t<\/div>\n\t\t\t\t<\/div>\n\t\t<div class=\"elementor-element elementor-element-57d861be e-grid e-con-boxed e-con e-parent\" data-id=\"57d861be\" data-element_type=\"container\" data-e-type=\"container\">\n\t\t\t\t\t<div class=\"e-con-inner\">\n\t\t\t\t<div class=\"elementor-element elementor-element-782e4e21 elementor-widget elementor-widget-image\" data-id=\"782e4e21\" data-element_type=\"widget\" data-e-type=\"widget\" data-widget_type=\"image.default\">\n\t\t\t\t<div class=\"elementor-widget-container\">\n\t\t\t\t\t\t\t\t\t\t\t\t\t\t\t<img loading=\"lazy\" decoding=\"async\" width=\"418\" height=\"100\" src=\"https:\/\/elevatecompetences.com\/wp-content\/uploads\/2025\/02\/Captura-de-pantalla-2025-02-23-101017.png\" class=\"attachment-medium_large size-medium_large wp-image-8577\" alt=\"\" srcset=\"https:\/\/elevatecompetences.com\/wp-content\/uploads\/2025\/02\/Captura-de-pantalla-2025-02-23-101017.png 418w, https:\/\/elevatecompetences.com\/wp-content\/uploads\/2025\/02\/Captura-de-pantalla-2025-02-23-101017-300x72.png 300w\" sizes=\"(max-width: 418px) 100vw, 418px\" \/>\t\t\t\t\t\t\t\t\t\t\t\t\t\t\t<\/div>\n\t\t\t\t<\/div>\n\t\t\t\t<div class=\"elementor-element elementor-element-7feb83ed elementor-widget elementor-widget-image\" data-id=\"7feb83ed\" data-element_type=\"widget\" data-e-type=\"widget\" data-widget_type=\"image.default\">\n\t\t\t\t<div class=\"elementor-widget-container\">\n\t\t\t\t\t\t\t\t\t\t\t\t\t\t\t<img loading=\"lazy\" decoding=\"async\" width=\"500\" height=\"172\" src=\"https:\/\/elevatecompetences.com\/wp-content\/uploads\/2025\/02\/intercultures-Espana-LATAM.png\" class=\"attachment-large size-large wp-image-8578\" alt=\"\" srcset=\"https:\/\/elevatecompetences.com\/wp-content\/uploads\/2025\/02\/intercultures-Espana-LATAM.png 500w, https:\/\/elevatecompetences.com\/wp-content\/uploads\/2025\/02\/intercultures-Espana-LATAM-300x103.png 300w\" sizes=\"(max-width: 500px) 100vw, 500px\" \/>\t\t\t\t\t\t\t\t\t\t\t\t\t\t\t<\/div>\n\t\t\t\t<\/div>\n\t\t\t\t<div class=\"elementor-element elementor-element-47eae063 elementor-widget elementor-widget-image\" data-id=\"47eae063\" data-element_type=\"widget\" data-e-type=\"widget\" data-widget_type=\"image.default\">\n\t\t\t\t<div class=\"elementor-widget-container\">\n\t\t\t\t\t\t\t\t\t\t\t\t\t\t\t<img loading=\"lazy\" decoding=\"async\" width=\"300\" height=\"97\" src=\"https:\/\/elevatecompetences.com\/wp-content\/uploads\/2025\/02\/deReso-300x97.png\" class=\"attachment-medium size-medium wp-image-8579\" alt=\"de Reso logo\" srcset=\"https:\/\/elevatecompetences.com\/wp-content\/uploads\/2025\/02\/deReso-300x97.png 300w, https:\/\/elevatecompetences.com\/wp-content\/uploads\/2025\/02\/deReso.png 467w\" sizes=\"(max-width: 300px) 100vw, 300px\" \/>\t\t\t\t\t\t\t\t\t\t\t\t\t\t\t<\/div>\n\t\t\t\t<\/div>\n\t\t\t\t\t<\/div>\n\t\t\t\t<\/div>\n\t\t<div class=\"elementor-element elementor-element-46bd6e19 e-grid e-con-boxed e-con e-parent\" data-id=\"46bd6e19\" data-element_type=\"container\" data-e-type=\"container\">\n\t\t\t\t\t<div class=\"e-con-inner\">\n\t\t\t\t<div class=\"elementor-element elementor-element-36f8dbb8 elementor-widget elementor-widget-text-editor\" data-id=\"36f8dbb8\" data-element_type=\"widget\" data-e-type=\"widget\" data-widget_type=\"text-editor.default\">\n\t\t\t\t<div class=\"elementor-widget-container\">\n\t\t\t\t\t\t\t\t\t<p data-start=\"0\" data-end=\"405\"><strong data-start=\"0\" data-end=\"12\">DCONCEPT<\/strong> es una <strong data-start=\"20\" data-end=\"45\">empresa de desarrollo<\/strong> fundada en <strong data-start=\"57\" data-end=\"65\">2018<\/strong> por <strong data-start=\"70\" data-end=\"112\">dos consultores con amplia experiencia<\/strong> en desarrollo organizacional. La compa\u00f1\u00eda ofrece <strong data-start=\"162\" data-end=\"218\" data-is-only-node=\"\">programas de desarrollo para organizaciones globales<\/strong>. Hemos creado nuestra propia <strong data-start=\"248\" data-end=\"305\">metodolog\u00eda de desarrollo (Define &#8211; Design &#8211; Deliver)<\/strong>, que nos permite abordar el desarrollo como <strong data-start=\"350\" data-end=\"373\">un proceso continuo<\/strong>, y no como un evento puntual.<\/p><p data-start=\"407\" data-end=\"796\">Colaboramos con una <strong data-start=\"427\" data-end=\"468\">red de alrededor de 100 profesionales<\/strong> en formaci\u00f3n, facilitaci\u00f3n, coaching y negocio, todos con <strong data-start=\"527\" data-end=\"563\">amplia experiencia internacional<\/strong> y una <strong data-start=\"570\" data-end=\"656\">profunda comprensi\u00f3n de la complejidad de trabajar en entornos globales y diversos<\/strong>. Aunque operamos en <strong data-start=\"677\" data-end=\"688\">Polonia<\/strong>, trabajamos tanto con <strong data-start=\"711\" data-end=\"745\">expertos polacos como europeos<\/strong> especializados en <strong data-start=\"764\" data-end=\"793\">desarrollo organizacional<\/strong>.<\/p><p data-start=\"798\" data-end=\"895\">Nuestra <strong data-start=\"806\" data-end=\"816\">misi\u00f3n<\/strong> es <strong data-start=\"820\" data-end=\"892\">facilitar el desarrollo de las personas de manera eficaz y atractiva<\/strong>.<\/p><p data-start=\"897\" data-end=\"1248\">En <strong data-start=\"900\" data-end=\"912\">DCONCEPT<\/strong> seguimos nuestros <strong data-start=\"931\" data-end=\"956\">valores fundamentales<\/strong>: apoyamos la construcci\u00f3n de <strong data-start=\"986\" data-end=\"1019\">equipos diversos e inclusivos<\/strong>, donde cada persona pueda <strong data-start=\"1046\" data-end=\"1111\">desarrollar su potencial y ayudar al crecimiento de los dem\u00e1s<\/strong>. Dise\u00f1amos <strong data-start=\"1123\" data-end=\"1151\">soluciones de desarrollo<\/strong> para empresas con el fin de <strong data-start=\"1180\" data-end=\"1245\">mejorar la comunicaci\u00f3n y la cooperaci\u00f3n en entornos globales<\/strong>.<\/p><p data-start=\"1250\" data-end=\"1640\" data-is-last-node=\"\" data-is-only-node=\"\">Colaboramos principalmente con <strong data-start=\"1281\" data-end=\"1292\">l\u00edderes<\/strong>, ya que creemos firmemente que son ellos quienes <strong data-start=\"1342\" data-end=\"1372\">moldean las organizaciones<\/strong> a trav\u00e9s de su capacidad de guiar a otros. Recomendamos a nuestros clientes <strong data-start=\"1449\" data-end=\"1511\">programas de desarrollo que no sean eventos de un solo d\u00eda<\/strong>, sino que <strong data-start=\"1522\" data-end=\"1574\">promuevan un crecimiento sostenido a largo plazo<\/strong>, utilizando <strong data-start=\"1587\" data-end=\"1639\">m\u00e9todos de desarrollo variados y complementarios<\/strong>.<\/p>\t\t\t\t\t\t\t\t<\/div>\n\t\t\t\t<\/div>\n\t\t\t\t<div class=\"elementor-element elementor-element-6ccc42de elementor-widget elementor-widget-text-editor\" data-id=\"6ccc42de\" data-element_type=\"widget\" data-e-type=\"widget\" data-widget_type=\"text-editor.default\">\n\t\t\t\t<div class=\"elementor-widget-container\">\n\t\t\t\t\t\t\t\t\t<p data-start=\"0\" data-end=\"263\"><strong data-start=\"0\" data-end=\"32\">intercultures Espa\u00f1a &amp; LATAM<\/strong> es una <strong data-start=\"40\" data-end=\"88\">empresa de consultor\u00eda, formaci\u00f3n y coaching<\/strong> especializada en <strong data-start=\"106\" data-end=\"114\">DEIB<\/strong> (<em data-start=\"116\" data-end=\"173\">Diversidad, Equidad, Inclusi\u00f3n y Sentido de Pertenencia<\/em>) y en <strong data-start=\"180\" data-end=\"209\">Competencia Intercultural<\/strong>. Formamos parte de la <strong data-start=\"232\" data-end=\"260\" data-is-only-node=\"\">red global intercultures<\/strong>.<\/p><p data-start=\"265\" data-end=\"319\">intercultures, trabajar mejor a nivel global: Fundada en <strong data-start=\"332\" data-end=\"340\">2001<\/strong>, <strong data-start=\"342\" data-end=\"359\">intercultures<\/strong> se mantiene <strong data-start=\"372\" data-end=\"413\">geogr\u00e1ficamente cerca de sus clientes<\/strong> gracias a sus <strong data-start=\"428\" data-end=\"501\">sedes, oficinas y una red de m\u00e1s de 300 consultores en casi 40 pa\u00edses<\/strong>. A partir de nuestra propia experiencia profesional, <strong data-start=\"555\" data-end=\"630\">entendemos los desaf\u00edos que surgen en las interacciones interculturales<\/strong>.<\/p><p data-start=\"635\" data-end=\"853\">La mayor\u00eda de las personas de nuestro equipo <strong data-start=\"680\" data-end=\"762\">han trabajado o trabajan en negocios y posiciones de liderazgo internacionales<\/strong>, lo que les permite <strong data-start=\"783\" data-end=\"850\">comprender plenamente los retos de operar en contextos globales<\/strong>.<\/p><p data-start=\"855\" data-end=\"1094\">La <strong data-start=\"858\" data-end=\"887\">diversidad y la inclusi\u00f3n<\/strong> est\u00e1n en el <strong data-start=\"900\" data-end=\"926\">ADN de nuestra empresa<\/strong>, y gracias a una s\u00f3lida <strong data-start=\"951\" data-end=\"1006\">cultura de retroalimentaci\u00f3n y aprendizaje continuo<\/strong>, hemos ayudado con \u00e9xito a <strong data-start=\"1034\" data-end=\"1091\">m\u00e1s de un centenar de clientes durante m\u00e1s de 20 a\u00f1os<\/strong>.<\/p><p data-start=\"1096\" data-end=\"1206\" data-is-last-node=\"\" data-is-only-node=\"\">La <strong data-start=\"1099\" data-end=\"1148\">sostenibilidad de los procesos de aprendizaje<\/strong> est\u00e1 en el <strong data-start=\"1160\" data-end=\"1205\">coraz\u00f3n de nuestras soluciones formativas<\/strong>.<\/p>\t\t\t\t\t\t\t\t<\/div>\n\t\t\t\t<\/div>\n\t\t\t\t<div class=\"elementor-element elementor-element-6ee08f0a elementor-widget elementor-widget-text-editor\" data-id=\"6ee08f0a\" data-element_type=\"widget\" data-e-type=\"widget\" data-widget_type=\"text-editor.default\">\n\t\t\t\t<div class=\"elementor-widget-container\">\n\t\t\t\t\t\t\t\t\t<p data-start=\"0\" data-end=\"308\"><strong data-start=\"0\" data-end=\"11\">de Reso<\/strong> trabaja directamente con <strong data-start=\"37\" data-end=\"88\">comunidades, organizaciones y gobiernos locales<\/strong> para <strong data-start=\"94\" data-end=\"152\">fomentar la cohesi\u00f3n social y las pr\u00e1cticas inclusivas<\/strong>. Ofrecemos <strong data-start=\"164\" data-end=\"182\" data-is-only-node=\"\">apoyo pr\u00e1ctico<\/strong> a trav\u00e9s de <strong data-start=\"195\" data-end=\"264\">consultor\u00eda, talleres y servicios de asesoramiento personalizados<\/strong> para fortalecer las iniciativas sociales.<\/p><p data-start=\"310\" data-end=\"747\">Nuestro trabajo incluye <strong data-start=\"334\" data-end=\"369\">asesorar a asociaciones (ASBLs)<\/strong> sobre sus <strong data-start=\"380\" data-end=\"409\">estructuras organizativas<\/strong>, <strong data-start=\"411\" data-end=\"442\">impartir ciclos de talleres<\/strong> que <strong data-start=\"447\" data-end=\"482\">empoderan a los actores locales<\/strong>, y <strong data-start=\"486\" data-end=\"515\">asesorar a los municipios<\/strong> en la implementaci\u00f3n del <strong data-start=\"541\" data-end=\"558\">\u201cGemengepakt\u201d<\/strong> (pacto entre el Estado y los ayuntamientos para promover la convivencia intercultural), as\u00ed como en <strong data-start=\"659\" data-end=\"716\">planes de acci\u00f3n juvenil, planes para la tercera edad<\/strong> y otros proyectos similares.<\/p><p data-start=\"749\" data-end=\"989\">Combinando la <strong data-start=\"763\" data-end=\"798\">experiencia de distintos campos<\/strong> con un <strong data-start=\"806\" data-end=\"830\">enfoque colaborativo<\/strong>, <strong data-start=\"832\" data-end=\"843\">de Reso<\/strong> ayuda a sus socios a <strong data-start=\"865\" data-end=\"896\">afrontar desaf\u00edos complejos<\/strong> y <strong data-start=\"899\" data-end=\"944\">convertir las ideas en acciones concretas<\/strong> que generen <strong data-start=\"957\" data-end=\"986\">un cambio social duradero<\/strong>.<\/p><p data-start=\"991\" data-end=\"1203\" data-is-last-node=\"\" data-is-only-node=\"\">Nuestros colaboradores aportan <strong data-start=\"1022\" data-end=\"1141\">trayectorias en estudios de g\u00e9nero y pedagog\u00eda, organizaci\u00f3n comunitaria y gesti\u00f3n de ASBL, y emprendimiento social<\/strong>, junto con <strong data-start=\"1153\" data-end=\"1202\">a\u00f1os de experiencia pr\u00e1ctica sobre el terreno<\/strong>.<\/p>\t\t\t\t\t\t\t\t<\/div>\n\t\t\t\t<\/div>\n\t\t\t\t\t<\/div>\n\t\t\t\t<\/div>\n\t\t\t\t<\/div>","protected":false},"excerpt":{"rendered":"<p>Mondragon Unibertsitatea es una universidad privada cooperativa y sin \u00e1nimo de lucro situada en el Pa\u00eds Vasco. La universidad ofrece una amplia variedad de Grados, M\u00e1steres y Doctorados a trav\u00e9s de sus diferentes facultades: Facultad de Ingenier\u00eda Facultad de Ciencias Empresariales Facultad de Humanidades y Ciencias de la Educaci\u00f3n Facultad de Ciencias Gastron\u00f3micas \u2013 Basque [&hellip;]<\/p>\n","protected":false},"author":3,"featured_media":0,"parent":0,"menu_order":0,"comment_status":"closed","ping_status":"closed","template":"","meta":{"footnotes":""},"class_list":["post-8938","page","type-page","status-publish","hentry"],"blocksy_meta":[],"yoast_head":"<!-- This site is optimized with the Yoast SEO plugin v27.4 - https:\/\/yoast.com\/product\/yoast-seo-wordpress\/ -->\n<title>Socios<\/title>\n<meta name=\"robots\" content=\"index, follow, max-snippet:-1, max-image-preview:large, max-video-preview:-1\" \/>\n<link rel=\"canonical\" href=\"https:\/\/elevatecompetences.com\/es\/socios\/\" \/>\n<meta property=\"og:locale\" content=\"es_ES\" \/>\n<meta property=\"og:type\" content=\"article\" \/>\n<meta property=\"og:title\" content=\"Socios\" \/>\n<meta property=\"og:description\" content=\"Mondragon Unibertsitatea es una universidad privada cooperativa y sin \u00e1nimo de lucro situada en el Pa\u00eds Vasco. La universidad ofrece una amplia variedad de Grados, M\u00e1steres y Doctorados a trav\u00e9s de sus diferentes facultades: Facultad de Ingenier\u00eda Facultad de Ciencias Empresariales Facultad de Humanidades y Ciencias de la Educaci\u00f3n Facultad de Ciencias Gastron\u00f3micas \u2013 Basque [&hellip;]\" \/>\n<meta property=\"og:url\" content=\"https:\/\/elevatecompetences.com\/es\/socios\/\" \/>\n<meta property=\"og:site_name\" content=\"ELEVATE\" \/>\n<meta property=\"article:modified_time\" content=\"2025-10-14T12:20:11+00:00\" \/>\n<meta property=\"og:image\" content=\"http:\/\/elevatecompetences.com\/wp-content\/uploads\/2025\/02\/AF-MU-LOGOS-RGB-POSITIVO-1-TT-01.png\" \/>\n<meta name=\"twitter:card\" content=\"summary_large_image\" \/>\n<meta name=\"twitter:label1\" content=\"Tiempo de lectura\" \/>\n\t<meta name=\"twitter:data1\" content=\"7 minutos\" \/>\n<script type=\"application\/ld+json\" class=\"yoast-schema-graph\">{\"@context\":\"https:\\\/\\\/schema.org\",\"@graph\":[{\"@type\":\"WebPage\",\"@id\":\"https:\\\/\\\/elevatecompetences.com\\\/es\\\/socios\\\/\",\"url\":\"https:\\\/\\\/elevatecompetences.com\\\/es\\\/socios\\\/\",\"name\":\"Socios\",\"isPartOf\":{\"@id\":\"https:\\\/\\\/elevatecompetences.com\\\/es\\\/#website\"},\"primaryImageOfPage\":{\"@id\":\"https:\\\/\\\/elevatecompetences.com\\\/es\\\/socios\\\/#primaryimage\"},\"image\":{\"@id\":\"https:\\\/\\\/elevatecompetences.com\\\/es\\\/socios\\\/#primaryimage\"},\"thumbnailUrl\":\"http:\\\/\\\/elevatecompetences.com\\\/wp-content\\\/uploads\\\/2025\\\/02\\\/AF-MU-LOGOS-RGB-POSITIVO-1-TT-01.png\",\"datePublished\":\"2025-03-01T13:04:25+00:00\",\"dateModified\":\"2025-10-14T12:20:11+00:00\",\"breadcrumb\":{\"@id\":\"https:\\\/\\\/elevatecompetences.com\\\/es\\\/socios\\\/#breadcrumb\"},\"inLanguage\":\"es\",\"potentialAction\":[{\"@type\":\"ReadAction\",\"target\":[\"https:\\\/\\\/elevatecompetences.com\\\/es\\\/socios\\\/\"]}]},{\"@type\":\"ImageObject\",\"inLanguage\":\"es\",\"@id\":\"https:\\\/\\\/elevatecompetences.com\\\/es\\\/socios\\\/#primaryimage\",\"url\":\"http:\\\/\\\/elevatecompetences.com\\\/wp-content\\\/uploads\\\/2025\\\/02\\\/AF-MU-LOGOS-RGB-POSITIVO-1-TT-01.png\",\"contentUrl\":\"http:\\\/\\\/elevatecompetences.com\\\/wp-content\\\/uploads\\\/2025\\\/02\\\/AF-MU-LOGOS-RGB-POSITIVO-1-TT-01.png\"},{\"@type\":\"BreadcrumbList\",\"@id\":\"https:\\\/\\\/elevatecompetences.com\\\/es\\\/socios\\\/#breadcrumb\",\"itemListElement\":[{\"@type\":\"ListItem\",\"position\":1,\"name\":\"Home\",\"item\":\"https:\\\/\\\/elevatecompetences.com\\\/es\\\/home-spanish\\\/\"},{\"@type\":\"ListItem\",\"position\":2,\"name\":\"Socios\"}]},{\"@type\":\"WebSite\",\"@id\":\"https:\\\/\\\/elevatecompetences.com\\\/es\\\/#website\",\"url\":\"https:\\\/\\\/elevatecompetences.com\\\/es\\\/\",\"name\":\"ELEVATE\",\"description\":\"Funded by the Erasmus+ Programme, ELEVATE brings together an international consortium of academic institutions, training providers, and social innovation organizations across different european countries. The project aims to redefine how intercultural competence is developed, evaluated, and sustained in vocational education and training (VET) and in broader organizational learning ecosystems.\",\"publisher\":{\"@id\":\"https:\\\/\\\/elevatecompetences.com\\\/es\\\/#organization\"},\"potentialAction\":[{\"@type\":\"SearchAction\",\"target\":{\"@type\":\"EntryPoint\",\"urlTemplate\":\"https:\\\/\\\/elevatecompetences.com\\\/es\\\/?s={search_term_string}\"},\"query-input\":{\"@type\":\"PropertyValueSpecification\",\"valueRequired\":true,\"valueName\":\"search_term_string\"}}],\"inLanguage\":\"es\"},{\"@type\":\"Organization\",\"@id\":\"https:\\\/\\\/elevatecompetences.com\\\/es\\\/#organization\",\"name\":\"ELEVATE\",\"url\":\"https:\\\/\\\/elevatecompetences.com\\\/es\\\/\",\"logo\":{\"@type\":\"ImageObject\",\"inLanguage\":\"es\",\"@id\":\"https:\\\/\\\/elevatecompetences.com\\\/es\\\/#\\\/schema\\\/logo\\\/image\\\/\",\"url\":\"https:\\\/\\\/elevatecompetences.com\\\/wp-content\\\/uploads\\\/2025\\\/02\\\/elevate-4-1.png\",\"contentUrl\":\"https:\\\/\\\/elevatecompetences.com\\\/wp-content\\\/uploads\\\/2025\\\/02\\\/elevate-4-1.png\",\"width\":208,\"height\":245,\"caption\":\"ELEVATE\"},\"image\":{\"@id\":\"https:\\\/\\\/elevatecompetences.com\\\/es\\\/#\\\/schema\\\/logo\\\/image\\\/\"}}]}<\/script>\n<!-- \/ Yoast SEO plugin. -->","yoast_head_json":{"title":"Socios","robots":{"index":"index","follow":"follow","max-snippet":"max-snippet:-1","max-image-preview":"max-image-preview:large","max-video-preview":"max-video-preview:-1"},"canonical":"https:\/\/elevatecompetences.com\/es\/socios\/","og_locale":"es_ES","og_type":"article","og_title":"Socios","og_description":"Mondragon Unibertsitatea es una universidad privada cooperativa y sin \u00e1nimo de lucro situada en el Pa\u00eds Vasco. La universidad ofrece una amplia variedad de Grados, M\u00e1steres y Doctorados a trav\u00e9s de sus diferentes facultades: Facultad de Ingenier\u00eda Facultad de Ciencias Empresariales Facultad de Humanidades y Ciencias de la Educaci\u00f3n Facultad de Ciencias Gastron\u00f3micas \u2013 Basque [&hellip;]","og_url":"https:\/\/elevatecompetences.com\/es\/socios\/","og_site_name":"ELEVATE","article_modified_time":"2025-10-14T12:20:11+00:00","og_image":[{"url":"http:\/\/elevatecompetences.com\/wp-content\/uploads\/2025\/02\/AF-MU-LOGOS-RGB-POSITIVO-1-TT-01.png","type":"","width":"","height":""}],"twitter_card":"summary_large_image","twitter_misc":{"Tiempo de lectura":"7 minutos"},"schema":{"@context":"https:\/\/schema.org","@graph":[{"@type":"WebPage","@id":"https:\/\/elevatecompetences.com\/es\/socios\/","url":"https:\/\/elevatecompetences.com\/es\/socios\/","name":"Socios","isPartOf":{"@id":"https:\/\/elevatecompetences.com\/es\/#website"},"primaryImageOfPage":{"@id":"https:\/\/elevatecompetences.com\/es\/socios\/#primaryimage"},"image":{"@id":"https:\/\/elevatecompetences.com\/es\/socios\/#primaryimage"},"thumbnailUrl":"http:\/\/elevatecompetences.com\/wp-content\/uploads\/2025\/02\/AF-MU-LOGOS-RGB-POSITIVO-1-TT-01.png","datePublished":"2025-03-01T13:04:25+00:00","dateModified":"2025-10-14T12:20:11+00:00","breadcrumb":{"@id":"https:\/\/elevatecompetences.com\/es\/socios\/#breadcrumb"},"inLanguage":"es","potentialAction":[{"@type":"ReadAction","target":["https:\/\/elevatecompetences.com\/es\/socios\/"]}]},{"@type":"ImageObject","inLanguage":"es","@id":"https:\/\/elevatecompetences.com\/es\/socios\/#primaryimage","url":"http:\/\/elevatecompetences.com\/wp-content\/uploads\/2025\/02\/AF-MU-LOGOS-RGB-POSITIVO-1-TT-01.png","contentUrl":"http:\/\/elevatecompetences.com\/wp-content\/uploads\/2025\/02\/AF-MU-LOGOS-RGB-POSITIVO-1-TT-01.png"},{"@type":"BreadcrumbList","@id":"https:\/\/elevatecompetences.com\/es\/socios\/#breadcrumb","itemListElement":[{"@type":"ListItem","position":1,"name":"Home","item":"https:\/\/elevatecompetences.com\/es\/home-spanish\/"},{"@type":"ListItem","position":2,"name":"Socios"}]},{"@type":"WebSite","@id":"https:\/\/elevatecompetences.com\/es\/#website","url":"https:\/\/elevatecompetences.com\/es\/","name":"ELEVAR","description":"Funded by the Erasmus+ Programme, ELEVATE brings together an international consortium of academic institutions, training providers, and social innovation organizations across different european countries. The project aims to redefine how intercultural competence is developed, evaluated, and sustained in vocational education and training (VET) and in broader organizational learning ecosystems.","publisher":{"@id":"https:\/\/elevatecompetences.com\/es\/#organization"},"potentialAction":[{"@type":"SearchAction","target":{"@type":"EntryPoint","urlTemplate":"https:\/\/elevatecompetences.com\/es\/?s={search_term_string}"},"query-input":{"@type":"PropertyValueSpecification","valueRequired":true,"valueName":"search_term_string"}}],"inLanguage":"es"},{"@type":"Organization","@id":"https:\/\/elevatecompetences.com\/es\/#organization","name":"ELEVAR","url":"https:\/\/elevatecompetences.com\/es\/","logo":{"@type":"ImageObject","inLanguage":"es","@id":"https:\/\/elevatecompetences.com\/es\/#\/schema\/logo\/image\/","url":"https:\/\/elevatecompetences.com\/wp-content\/uploads\/2025\/02\/elevate-4-1.png","contentUrl":"https:\/\/elevatecompetences.com\/wp-content\/uploads\/2025\/02\/elevate-4-1.png","width":208,"height":245,"caption":"ELEVATE"},"image":{"@id":"https:\/\/elevatecompetences.com\/es\/#\/schema\/logo\/image\/"}}]}},"_links":{"self":[{"href":"https:\/\/elevatecompetences.com\/es\/wp-json\/wp\/v2\/pages\/8938","targetHints":{"allow":["GET"]}}],"collection":[{"href":"https:\/\/elevatecompetences.com\/es\/wp-json\/wp\/v2\/pages"}],"about":[{"href":"https:\/\/elevatecompetences.com\/es\/wp-json\/wp\/v2\/types\/page"}],"author":[{"embeddable":true,"href":"https:\/\/elevatecompetences.com\/es\/wp-json\/wp\/v2\/users\/3"}],"replies":[{"embeddable":true,"href":"https:\/\/elevatecompetences.com\/es\/wp-json\/wp\/v2\/comments?post=8938"}],"version-history":[{"count":10,"href":"https:\/\/elevatecompetences.com\/es\/wp-json\/wp\/v2\/pages\/8938\/revisions"}],"predecessor-version":[{"id":9885,"href":"https:\/\/elevatecompetences.com\/es\/wp-json\/wp\/v2\/pages\/8938\/revisions\/9885"}],"wp:attachment":[{"href":"https:\/\/elevatecompetences.com\/es\/wp-json\/wp\/v2\/media?parent=8938"}],"curies":[{"name":"wp","href":"https:\/\/api.w.org\/{rel}","templated":true}]}}