{"id":8869,"date":"2025-02-28T16:54:12","date_gmt":"2025-02-28T16:54:12","guid":{"rendered":"http:\/\/elevatecompetences.com\/?page_id=8869"},"modified":"2025-10-28T14:33:57","modified_gmt":"2025-10-28T14:33:57","slug":"sobre","status":"publish","type":"page","link":"https:\/\/elevatecompetences.com\/es\/sobre\/","title":{"rendered":"Sobre"},"content":{"rendered":"\t\t<div data-elementor-type=\"wp-page\" data-elementor-id=\"8869\" class=\"elementor elementor-8869\">\n\t\t\t\t<div class=\"elementor-element elementor-element-6956a15d e-con-full e-flex e-con e-parent\" data-id=\"6956a15d\" data-element_type=\"container\" data-e-type=\"container\">\n\t\t\t\t<div class=\"elementor-element elementor-element-2a9b4ceb elementor-widget elementor-widget-heading\" data-id=\"2a9b4ceb\" data-element_type=\"widget\" data-e-type=\"widget\" data-widget_type=\"heading.default\">\n\t\t\t\t<div class=\"elementor-widget-container\">\n\t\t\t\t\t<h2 class=\"elementor-heading-title elementor-size-default\">En b\u00fasqueda de la excelencia en la formaci\u00f3n profesional e intercultural<\/h2>\t\t\t\t<\/div>\n\t\t\t\t<\/div>\n\t\t\t\t<div class=\"elementor-element elementor-element-6c6b7eb0 elementor-widget__width-inherit elementor-hidden-tablet elementor-hidden-mobile elementor-widget elementor-widget-image\" data-id=\"6c6b7eb0\" data-element_type=\"widget\" data-e-type=\"widget\" data-widget_type=\"image.default\">\n\t\t\t\t<div class=\"elementor-widget-container\">\n\t\t\t\t\t\t\t\t\t\t\t\t\t\t\t<img decoding=\"async\" src=\"https:\/\/elevatecompetences.com\/wp-content\/uploads\/2025\/10\/personas-mirando-ordenador-scaled.jpg\" title=\"about elevate project\" alt=\"team working on elevate project\" loading=\"lazy\" \/>\t\t\t\t\t\t\t\t\t\t\t\t\t\t\t<\/div>\n\t\t\t\t<\/div>\n\t\t\t\t<\/div>\n\t\t<div class=\"elementor-element elementor-element-53040bd5 e-flex e-con-boxed e-con e-parent\" data-id=\"53040bd5\" data-element_type=\"container\" data-e-type=\"container\">\n\t\t\t\t\t<div class=\"e-con-inner\">\n\t\t\t\t<div class=\"elementor-element elementor-element-3b933a91 elementor-widget elementor-widget-text-editor\" data-id=\"3b933a91\" data-element_type=\"widget\" data-e-type=\"widget\" data-widget_type=\"text-editor.default\">\n\t\t\t\t<div class=\"elementor-widget-container\">\n\t\t\t\t\t\t\t\t\t<p>En un mundo marcado por la creciente diversidad cultural, la movilidad global y la polarizaci\u00f3n social, la competencia intercultural ya no es una habilidad blanda, sino una capacidad vital para construir lugares de trabajo y sociedades inclusivos, resilientes y eficaces. Sin embargo, a pesar de su urgencia, la formaci\u00f3n intercultural sigue siendo a menudo fragmentaria, superficial o ajena a la complejidad del mundo real. ELEVATE est\u00e1 aqu\u00ed para cambiar esta situaci\u00f3n.<\/p><p>Financiado por el Programa Erasmus+, ELEVATE re\u00fane a un consorcio internacional de instituciones acad\u00e9micas, proveedores de formaci\u00f3n y organizaciones de innovaci\u00f3n social de Espa\u00f1a, Francia, Alemania, Luxemburgo y Polonia.<\/p><p>Juntos, nuestro objetivo es redefinir c\u00f3mo se desarrolla, eval\u00faa y mantiene la competencia intercultural en la educaci\u00f3n y formaci\u00f3n profesional (EFP) y en ecosistemas de aprendizaje organizativo m\u00e1s amplios.<\/p>\t\t\t\t\t\t\t\t<\/div>\n\t\t\t\t<\/div>\n\t\t\t\t<div class=\"elementor-element elementor-element-f69fd59 elementor-widget elementor-widget-spacer\" data-id=\"f69fd59\" data-element_type=\"widget\" data-e-type=\"widget\" data-widget_type=\"spacer.default\">\n\t\t\t\t<div class=\"elementor-widget-container\">\n\t\t\t\t\t\t\t<div class=\"elementor-spacer\">\n\t\t\t<div class=\"elementor-spacer-inner\"><\/div>\n\t\t<\/div>\n\t\t\t\t\t\t<\/div>\n\t\t\t\t<\/div>\n\t\t\t\t\t<\/div>\n\t\t\t\t<\/div>\n\t\t<div class=\"elementor-element elementor-element-98d9b0d e-grid e-con-boxed e-con e-parent\" data-id=\"98d9b0d\" data-element_type=\"container\" data-e-type=\"container\" data-settings=\"{&quot;background_background&quot;:&quot;classic&quot;}\">\n\t\t\t\t\t<div class=\"e-con-inner\">\n\t\t\t\t<div class=\"elementor-element elementor-element-40e89078 elementor-widget elementor-widget-image\" data-id=\"40e89078\" data-element_type=\"widget\" data-e-type=\"widget\" data-widget_type=\"image.default\">\n\t\t\t\t<div class=\"elementor-widget-container\">\n\t\t\t\t\t\t\t\t\t\t\t\t\t\t\t<img decoding=\"async\" width=\"64\" height=\"64\" src=\"https:\/\/elevatecompetences.com\/wp-content\/uploads\/2025\/05\/vision.png\" class=\"attachment-thumbnail size-thumbnail wp-image-9535\" alt=\"\" \/>\t\t\t\t\t\t\t\t\t\t\t\t\t\t\t<\/div>\n\t\t\t\t<\/div>\n\t\t\t\t<div class=\"elementor-element elementor-element-202f7ada elementor-widget elementor-widget-image\" data-id=\"202f7ada\" data-element_type=\"widget\" data-e-type=\"widget\" data-widget_type=\"image.default\">\n\t\t\t\t<div class=\"elementor-widget-container\">\n\t\t\t\t\t\t\t\t\t\t\t\t\t\t\t<img decoding=\"async\" width=\"64\" height=\"64\" src=\"https:\/\/elevatecompetences.com\/wp-content\/uploads\/2025\/05\/valor.png\" class=\"attachment-thumbnail size-thumbnail wp-image-9534\" alt=\"\" \/>\t\t\t\t\t\t\t\t\t\t\t\t\t\t\t<\/div>\n\t\t\t\t<\/div>\n\t\t\t\t\t<\/div>\n\t\t\t\t<\/div>\n\t\t<div class=\"elementor-element elementor-element-16333b2b e-grid e-con-boxed e-con e-parent\" data-id=\"16333b2b\" data-element_type=\"container\" data-e-type=\"container\" data-settings=\"{&quot;background_background&quot;:&quot;classic&quot;}\">\n\t\t\t\t\t<div class=\"e-con-inner\">\n\t\t\t\t<div class=\"elementor-element elementor-element-20b79674 elementor-widget elementor-widget-heading\" data-id=\"20b79674\" data-element_type=\"widget\" data-e-type=\"widget\" data-widget_type=\"heading.default\">\n\t\t\t\t<div class=\"elementor-widget-container\">\n\t\t\t\t\t<h2 class=\"elementor-heading-title elementor-size-default\">Nuestra Visi\u00f3n<\/h2>\t\t\t\t<\/div>\n\t\t\t\t<\/div>\n\t\t\t\t<div class=\"elementor-element elementor-element-48dce876 elementor-widget elementor-widget-heading\" data-id=\"48dce876\" data-element_type=\"widget\" data-e-type=\"widget\" data-widget_type=\"heading.default\">\n\t\t\t\t<div class=\"elementor-widget-container\">\n\t\t\t\t\t<h2 class=\"elementor-heading-title elementor-size-default\">Lo que nos mueve<\/h2>\t\t\t\t<\/div>\n\t\t\t\t<\/div>\n\t\t\t\t\t<\/div>\n\t\t\t\t<\/div>\n\t\t<div class=\"elementor-element elementor-element-6c69e5cf e-con-full e-flex e-con e-parent\" data-id=\"6c69e5cf\" data-element_type=\"container\" data-e-type=\"container\" data-settings=\"{&quot;background_background&quot;:&quot;classic&quot;}\">\n\t\t<div class=\"elementor-element elementor-element-82b165a e-grid e-con-full e-con e-child\" data-id=\"82b165a\" data-element_type=\"container\" data-e-type=\"container\">\n\t\t<div class=\"elementor-element elementor-element-2774df63 e-con-full e-flex e-con e-child\" data-id=\"2774df63\" data-element_type=\"container\" data-e-type=\"container\">\n\t\t\t\t<div class=\"elementor-element elementor-element-458338e0 elementor-widget elementor-widget-text-editor\" data-id=\"458338e0\" data-element_type=\"widget\" data-e-type=\"widget\" data-widget_type=\"text-editor.default\">\n\t\t\t\t<div class=\"elementor-widget-container\">\n\t\t\t\t\t\t\t\t\t<p>La competencia intercultural es fundamental para afrontar los grandes retos actuales: la fragmentaci\u00f3n social, la discriminaci\u00f3n, la exclusi\u00f3n en el mercado laboral y la desigualdad en el acceso a las oportunidades. Sin embargo, el estado actual de la formaci\u00f3n intercultural es a menudo insuficiente para hacer frente a la complejidad de estas cuestiones. El campo carece de puntos de referencia de calidad compartidos, estrategias de aprendizaje a largo plazo y alineaci\u00f3n entre la visi\u00f3n acad\u00e9mica y el dise\u00f1o de la formaci\u00f3n. ELEVATE responde a estas necesidades cr\u00edticas.<\/p>\t\t\t\t\t\t\t\t<\/div>\n\t\t\t\t<\/div>\n\t\t\t\t<\/div>\n\t\t\t\t<div class=\"elementor-element elementor-element-50ca6c66 elementor-widget elementor-widget-text-editor\" data-id=\"50ca6c66\" data-element_type=\"widget\" data-e-type=\"widget\" data-widget_type=\"text-editor.default\">\n\t\t\t\t<div class=\"elementor-widget-container\">\n\t\t\t\t\t\t\t\t\t<p>Imaginamos una Europa en la que la competencia intercultural se cultive a trav\u00e9s de procesos de aprendizaje en profundidad, y no mediante talleres aislados o actividades puntuales. ELEVATE promueve un aprendizaje permanente y transformador basado en la investigaci\u00f3n, guiado por la pr\u00e1ctica e impulsado por la colaboraci\u00f3n inclusiva. Nuestro enfoque va m\u00e1s all\u00e1 de los modelos de formaci\u00f3n tradicionales para fomentar la empat\u00eda, la agilidad cultural y la inclusi\u00f3n pr\u00e1ctica en todos los sectores.<\/p>\t\t\t\t\t\t\t\t<\/div>\n\t\t\t\t<\/div>\n\t\t\t\t<\/div>\n\t\t\t\t<\/div>\n\t\t<div class=\"elementor-element elementor-element-c8abe7e e-flex e-con-boxed e-con e-parent\" data-id=\"c8abe7e\" data-element_type=\"container\" data-e-type=\"container\">\n\t\t\t\t\t<div class=\"e-con-inner\">\n\t\t\t\t<div class=\"elementor-element elementor-element-749ad0fb elementor-widget elementor-widget-spacer\" data-id=\"749ad0fb\" data-element_type=\"widget\" data-e-type=\"widget\" data-widget_type=\"spacer.default\">\n\t\t\t\t<div class=\"elementor-widget-container\">\n\t\t\t\t\t\t\t<div class=\"elementor-spacer\">\n\t\t\t<div class=\"elementor-spacer-inner\"><\/div>\n\t\t<\/div>\n\t\t\t\t\t\t<\/div>\n\t\t\t\t<\/div>\n\t\t\t\t<div class=\"elementor-element elementor-element-79bc24a1 elementor-widget elementor-widget-image\" data-id=\"79bc24a1\" data-element_type=\"widget\" data-e-type=\"widget\" data-widget_type=\"image.default\">\n\t\t\t\t<div class=\"elementor-widget-container\">\n\t\t\t\t\t\t\t\t\t\t\t\t\t\t\t<img decoding=\"async\" width=\"64\" height=\"64\" src=\"https:\/\/elevatecompetences.com\/wp-content\/uploads\/2025\/05\/bombilla-1.png\" class=\"attachment-thumbnail size-thumbnail wp-image-9530\" alt=\"\" \/>\t\t\t\t\t\t\t\t\t\t\t\t\t\t\t<\/div>\n\t\t\t\t<\/div>\n\t\t\t\t\t<\/div>\n\t\t\t\t<\/div>\n\t\t<div class=\"elementor-element elementor-element-3ac3fe01 e-flex e-con-boxed e-con e-parent\" data-id=\"3ac3fe01\" data-element_type=\"container\" data-e-type=\"container\">\n\t\t\t\t\t<div class=\"e-con-inner\">\n\t\t\t\t<div class=\"elementor-element elementor-element-36ebaf1 elementor-widget elementor-widget-heading\" data-id=\"36ebaf1\" data-element_type=\"widget\" data-e-type=\"widget\" data-widget_type=\"heading.default\">\n\t\t\t\t<div class=\"elementor-widget-container\">\n\t\t\t\t\t<h2 class=\"elementor-heading-title elementor-size-default\">innovaciones clave<\/h2>\t\t\t\t<\/div>\n\t\t\t\t<\/div>\n\t\t\t\t\t<\/div>\n\t\t\t\t<\/div>\n\t\t<div class=\"elementor-element elementor-element-6d591669 e-flex e-con-boxed e-con e-parent\" data-id=\"6d591669\" data-element_type=\"container\" data-e-type=\"container\">\n\t\t\t\t\t<div class=\"e-con-inner\">\n\t\t\t\t<div class=\"elementor-element elementor-element-3c970f1b elementor-widget elementor-widget-text-editor\" data-id=\"3c970f1b\" data-element_type=\"widget\" data-e-type=\"widget\" data-widget_type=\"text-editor.default\">\n\t\t\t\t<div class=\"elementor-widget-container\">\n\t\t\t\t\t\t\t\t\t<p style=\"text-align: center;\" data-start=\"2739\" data-end=\"2879\">Estamos dise\u00f1ando y ofreciendo cuatro resultados interrelacionados que elevar\u00e1n significativamente el list\u00f3n de la formaci\u00f3n intercultural en toda Europa:<\/p>\t\t\t\t\t\t\t\t<\/div>\n\t\t\t\t<\/div>\n\t\t\t\t\t<\/div>\n\t\t\t\t<\/div>\n\t\t<div class=\"elementor-element elementor-element-7ae6baa9 e-con-full e-flex e-con e-parent\" data-id=\"7ae6baa9\" data-element_type=\"container\" data-e-type=\"container\">\n\t\t<div class=\"elementor-element elementor-element-20b1e937 e-con-full e-flex e-con e-child\" data-id=\"20b1e937\" data-element_type=\"container\" data-e-type=\"container\">\n\t\t\t\t<div class=\"elementor-element elementor-element-6ca54adb elementor-widget elementor-widget-heading\" data-id=\"6ca54adb\" data-element_type=\"widget\" data-e-type=\"widget\" data-widget_type=\"heading.default\">\n\t\t\t\t<div class=\"elementor-widget-container\">\n\t\t\t\t\t<h4 class=\"elementor-heading-title elementor-size-default\">Auditor\u00eda de la competencia intercultural basada en la investigaci\u00f3n<\/h4>\t\t\t\t<\/div>\n\t\t\t\t<\/div>\n\t\t<div class=\"elementor-element elementor-element-461a607b e-con-full e-flex e-con e-child\" data-id=\"461a607b\" data-element_type=\"container\" data-e-type=\"container\">\n\t\t\t\t<div class=\"elementor-element elementor-element-7d023ec8 elementor-widget elementor-widget-text-editor\" data-id=\"7d023ec8\" data-element_type=\"widget\" data-e-type=\"widget\" data-widget_type=\"text-editor.default\">\n\t\t\t\t<div class=\"elementor-widget-container\">\n\t\t\t\t\t\t\t\t\t<p>Una herramienta de autoevaluaci\u00f3n basada en pruebas y de f\u00e1cil uso que ayuda a las organizaciones y a los profesionales a identificar los puntos fuertes, las carencias y las prioridades de desarrollo relacionadas con la competencia intercultural.<\/p>\t\t\t\t\t\t\t\t<\/div>\n\t\t\t\t<\/div>\n\t\t\t\t<\/div>\n\t\t\t\t<\/div>\n\t\t<div class=\"elementor-element elementor-element-18fa1a2b e-con-full e-flex e-con e-child\" data-id=\"18fa1a2b\" data-element_type=\"container\" data-e-type=\"container\">\n\t\t\t\t<div class=\"elementor-element elementor-element-44cc248f elementor-widget elementor-widget-heading\" data-id=\"44cc248f\" data-element_type=\"widget\" data-e-type=\"widget\" data-widget_type=\"heading.default\">\n\t\t\t\t<div class=\"elementor-widget-container\">\n\t\t\t\t\t<h4 class=\"elementor-heading-title elementor-size-default\">Herramienta de autoevaluaci\u00f3n de la competencia intercultural<\/h4>\t\t\t\t<\/div>\n\t\t\t\t<\/div>\n\t\t\t\t<div class=\"elementor-element elementor-element-2f1d3a2a elementor-widget elementor-widget-text-editor\" data-id=\"2f1d3a2a\" data-element_type=\"widget\" data-e-type=\"widget\" data-widget_type=\"text-editor.default\">\n\t\t\t\t<div class=\"elementor-widget-container\">\n\t\t\t\t\t\t\t\t\t<p>Esta herramienta permitir\u00e1 a las organizaciones auditar su competencia intercultural, proporcionando informaci\u00f3n sobre las \u00e1reas susceptibles de mejora.<\/p>\t\t\t\t\t\t\t\t<\/div>\n\t\t\t\t<\/div>\n\t\t\t\t<\/div>\n\t\t<div class=\"elementor-element elementor-element-67548611 e-con-full e-flex e-con e-child\" data-id=\"67548611\" data-element_type=\"container\" data-e-type=\"container\">\n\t\t\t\t<div class=\"elementor-element elementor-element-3c85a491 elementor-widget elementor-widget-heading\" data-id=\"3c85a491\" data-element_type=\"widget\" data-e-type=\"widget\" data-widget_type=\"heading.default\">\n\t\t\t\t<div class=\"elementor-widget-container\">\n\t\t\t\t\t<h4 class=\"elementor-heading-title elementor-size-default\">Aplicaci\u00f3n web de aprendizaje personalizado asistida por IA<\/h4>\t\t\t\t<\/div>\n\t\t\t\t<\/div>\n\t\t\t\t<div class=\"elementor-element elementor-element-a13f284 elementor-widget elementor-widget-text-editor\" data-id=\"a13f284\" data-element_type=\"widget\" data-e-type=\"widget\" data-widget_type=\"text-editor.default\">\n\t\t\t\t<div class=\"elementor-widget-container\">\n\t\t\t\t\t\t\t\t\t<p>Una plataforma digital de vanguardia que ofrece itinerarios de aprendizaje individualizados mediante tecnolog\u00eda de IA. Se adapta al ritmo, las preferencias y el progreso de cada alumno, proporcionando informaci\u00f3n en tiempo real, seguimiento de h\u00e1bitos e indicaciones metacognitivas, lo que convierte el aprendizaje en un viaje transformador.<\/p>\t\t\t\t\t\t\t\t<\/div>\n\t\t\t\t<\/div>\n\t\t\t\t<\/div>\n\t\t<div class=\"elementor-element elementor-element-7de0863d e-con-full e-flex e-con e-child\" data-id=\"7de0863d\" data-element_type=\"container\" data-e-type=\"container\">\n\t\t\t\t<div class=\"elementor-element elementor-element-d68a0ea elementor-widget elementor-widget-heading\" data-id=\"d68a0ea\" data-element_type=\"widget\" data-e-type=\"widget\" data-widget_type=\"heading.default\">\n\t\t\t\t<div class=\"elementor-widget-container\">\n\t\t\t\t\t<h4 class=\"elementor-heading-title elementor-size-default\">Manual completo de formaci\u00f3n<\/h4>\t\t\t\t<\/div>\n\t\t\t\t<\/div>\n\t\t\t\t<div class=\"elementor-element elementor-element-622c34b3 elementor-widget elementor-widget-text-editor\" data-id=\"622c34b3\" data-element_type=\"widget\" data-e-type=\"widget\" data-widget_type=\"text-editor.default\">\n\t\t\t\t<div class=\"elementor-widget-container\">\n\t\t\t\t\t\t\t\t\t<p>Un manual orientado a la pr\u00e1ctica para formadores, facilitadores, profesionales de RRHH y educadores que incluye marcos, ejercicios, mejores pr\u00e1cticas y metodolog\u00edas para ofrecer un desarrollo significativo de la competencia intercultural en contextos diversos.<\/p>\t\t\t\t\t\t\t\t<\/div>\n\t\t\t\t<\/div>\n\t\t\t\t<\/div>\n\t\t\t\t<\/div>\n\t\t<div class=\"elementor-element elementor-element-34e86333 e-con-full e-flex e-con e-parent\" data-id=\"34e86333\" data-element_type=\"container\" data-e-type=\"container\">\n\t\t\t\t<div class=\"elementor-element elementor-element-1c9ceb58 elementor-widget elementor-widget-spacer\" data-id=\"1c9ceb58\" data-element_type=\"widget\" data-e-type=\"widget\" data-widget_type=\"spacer.default\">\n\t\t\t\t<div class=\"elementor-widget-container\">\n\t\t\t\t\t\t\t<div class=\"elementor-spacer\">\n\t\t\t<div class=\"elementor-spacer-inner\"><\/div>\n\t\t<\/div>\n\t\t\t\t\t\t<\/div>\n\t\t\t\t<\/div>\n\t\t\t\t<div class=\"elementor-element elementor-element-38f07147 elementor-widget elementor-widget-image\" data-id=\"38f07147\" data-element_type=\"widget\" data-e-type=\"widget\" data-widget_type=\"image.default\">\n\t\t\t\t<div class=\"elementor-widget-container\">\n\t\t\t\t\t\t\t\t\t\t\t\t\t\t\t<img loading=\"lazy\" decoding=\"async\" width=\"64\" height=\"64\" src=\"https:\/\/elevatecompetences.com\/wp-content\/uploads\/2025\/05\/audiencia.png\" class=\"attachment-thumbnail size-thumbnail wp-image-9531\" alt=\"\" \/>\t\t\t\t\t\t\t\t\t\t\t\t\t\t\t<\/div>\n\t\t\t\t<\/div>\n\t\t\t\t<\/div>\n\t\t<div class=\"elementor-element elementor-element-631cdbcb e-con-full e-flex e-con e-parent\" data-id=\"631cdbcb\" data-element_type=\"container\" data-e-type=\"container\" data-settings=\"{&quot;background_background&quot;:&quot;classic&quot;}\">\n\t\t\t\t<div class=\"elementor-element elementor-element-428936a3 elementor-widget elementor-widget-heading\" data-id=\"428936a3\" data-element_type=\"widget\" data-e-type=\"widget\" data-widget_type=\"heading.default\">\n\t\t\t\t<div class=\"elementor-widget-container\">\n\t\t\t\t\t<h2 class=\"elementor-heading-title elementor-size-default\">A QUI\u00c9N VA DIRIGIDO<\/h2>\t\t\t\t<\/div>\n\t\t\t\t<\/div>\n\t\t\t\t<div class=\"elementor-element elementor-element-5047c611 elementor-widget__width-initial elementor-widget elementor-widget-text-editor\" data-id=\"5047c611\" data-element_type=\"widget\" data-e-type=\"widget\" data-widget_type=\"text-editor.default\">\n\t\t\t\t<div class=\"elementor-widget-container\">\n\t\t\t\t\t\t\t\t\t<p style=\"text-align: center;\">ELEVATE est\u00e1 dise\u00f1ado para una amplia gama de profesionales implicados en el desarrollo de las personas y la gesti\u00f3n de la diversidad:<\/p>\t\t\t\t\t\t\t\t<\/div>\n\t\t\t\t<\/div>\n\t\t\t\t<\/div>\n\t\t<div class=\"elementor-element elementor-element-7e7cac66 e-con-full e-flex e-con e-parent\" data-id=\"7e7cac66\" data-element_type=\"container\" data-e-type=\"container\">\n\t\t<div class=\"elementor-element elementor-element-4187fdb6 e-con-full e-flex e-con e-child\" data-id=\"4187fdb6\" data-element_type=\"container\" data-e-type=\"container\">\n\t\t\t\t<div class=\"elementor-element elementor-element-62d5660e elementor-widget__width-inherit elementor-widget elementor-widget-heading\" data-id=\"62d5660e\" data-element_type=\"widget\" data-e-type=\"widget\" data-widget_type=\"heading.default\">\n\t\t\t\t<div class=\"elementor-widget-container\">\n\t\t\t\t\t<h4 class=\"elementor-heading-title elementor-size-default\">Profesionales de RRHH y DEIB<\/h4>\t\t\t\t<\/div>\n\t\t\t\t<\/div>\n\t\t\t\t<\/div>\n\t\t<div class=\"elementor-element elementor-element-66dfbaf e-con-full e-flex e-con e-child\" data-id=\"66dfbaf\" data-element_type=\"container\" data-e-type=\"container\">\n\t\t\t\t<div class=\"elementor-element elementor-element-650674bc elementor-widget__width-inherit elementor-widget-tablet__width-inherit elementor-widget elementor-widget-heading\" data-id=\"650674bc\" data-element_type=\"widget\" data-e-type=\"widget\" data-widget_type=\"heading.default\">\n\t\t\t\t<div class=\"elementor-widget-container\">\n\t\t\t\t\t<h4 class=\"elementor-heading-title elementor-size-default\">Formadores de formaci\u00f3n profesional y responsables de planes de estudios<\/h4>\t\t\t\t<\/div>\n\t\t\t\t<\/div>\n\t\t\t\t<\/div>\n\t\t<div class=\"elementor-element elementor-element-475fbe91 e-con-full e-flex e-con e-child\" data-id=\"475fbe91\" data-element_type=\"container\" data-e-type=\"container\">\n\t\t\t\t<div class=\"elementor-element elementor-element-577b52fd elementor-widget elementor-widget-heading\" data-id=\"577b52fd\" data-element_type=\"widget\" data-e-type=\"widget\" data-widget_type=\"heading.default\">\n\t\t\t\t<div class=\"elementor-widget-container\">\n\t\t\t\t\t<h4 class=\"elementor-heading-title elementor-size-default\">Managers de talento y l\u00edderes de empresa<\/h4>\t\t\t\t<\/div>\n\t\t\t\t<\/div>\n\t\t\t\t<\/div>\n\t\t<div class=\"elementor-element elementor-element-891aef0 e-con-full e-flex e-con e-child\" data-id=\"891aef0\" data-element_type=\"container\" data-e-type=\"container\">\n\t\t\t\t<div class=\"elementor-element elementor-element-5432ca6b elementor-widget elementor-widget-heading\" data-id=\"5432ca6b\" data-element_type=\"widget\" data-e-type=\"widget\" data-widget_type=\"heading.default\">\n\t\t\t\t<div class=\"elementor-widget-container\">\n\t\t\t\t\t<h4 class=\"elementor-heading-title elementor-size-default\">Formadores y consultores en el \u00e1mbito de la interculturalidad<\/h4>\t\t\t\t<\/div>\n\t\t\t\t<\/div>\n\t\t\t\t<\/div>\n\t\t<div class=\"elementor-element elementor-element-2ed3975c e-con-full e-flex e-con e-child\" data-id=\"2ed3975c\" data-element_type=\"container\" data-e-type=\"container\">\n\t\t\t\t<div class=\"elementor-element elementor-element-58f01cce elementor-widget elementor-widget-heading\" data-id=\"58f01cce\" data-element_type=\"widget\" data-e-type=\"widget\" data-widget_type=\"heading.default\">\n\t\t\t\t<div class=\"elementor-widget-container\">\n\t\t\t\t\t<h4 class=\"elementor-heading-title elementor-size-default\">Propietarios de PYME y empresarios que trabajan con equipos diversos<\/h4>\t\t\t\t<\/div>\n\t\t\t\t<\/div>\n\t\t\t\t<\/div>\n\t\t\t\t<\/div>\n\t\t<div class=\"elementor-element elementor-element-6e10bc34 e-flex e-con-boxed e-con e-parent\" data-id=\"6e10bc34\" data-element_type=\"container\" data-e-type=\"container\">\n\t\t\t\t\t<div class=\"e-con-inner\">\n\t\t\t\t<div class=\"elementor-element elementor-element-7e585b1d elementor-widget elementor-widget-text-editor\" data-id=\"7e585b1d\" data-element_type=\"widget\" data-e-type=\"widget\" data-widget_type=\"text-editor.default\">\n\t\t\t\t<div class=\"elementor-widget-container\">\n\t\t\t\t\t\t\t\t\t<p style=\"text-align: center;\" data-start=\"4468\" data-end=\"4652\">Nuestras herramientas y recursos se adaptar\u00e1n para servir tanto a profesionales experimentados como a reci\u00e9n llegados, grandes corporaciones y peque\u00f1as empresas, instituciones p\u00fablicas y organizaciones privadas.<\/p>\t\t\t\t\t\t\t\t<\/div>\n\t\t\t\t<\/div>\n\t\t\t\t<div class=\"elementor-element elementor-element-1c065433 elementor-widget elementor-widget-spacer\" data-id=\"1c065433\" data-element_type=\"widget\" data-e-type=\"widget\" data-widget_type=\"spacer.default\">\n\t\t\t\t<div class=\"elementor-widget-container\">\n\t\t\t\t\t\t\t<div class=\"elementor-spacer\">\n\t\t\t<div class=\"elementor-spacer-inner\"><\/div>\n\t\t<\/div>\n\t\t\t\t\t\t<\/div>\n\t\t\t\t<\/div>\n\t\t\t\t<div class=\"elementor-element elementor-element-481008c7 elementor-widget elementor-widget-image\" data-id=\"481008c7\" data-element_type=\"widget\" data-e-type=\"widget\" data-widget_type=\"image.default\">\n\t\t\t\t<div class=\"elementor-widget-container\">\n\t\t\t\t\t\t\t\t\t\t\t\t\t\t\t<img loading=\"lazy\" decoding=\"async\" width=\"64\" height=\"64\" src=\"https:\/\/elevatecompetences.com\/wp-content\/uploads\/2025\/05\/objetivo.png\" class=\"attachment-thumbnail size-thumbnail wp-image-9532\" alt=\"\" \/>\t\t\t\t\t\t\t\t\t\t\t\t\t\t\t<\/div>\n\t\t\t\t<\/div>\n\t\t\t\t<div class=\"elementor-element elementor-element-50cf6c6e elementor-widget elementor-widget-heading\" data-id=\"50cf6c6e\" data-element_type=\"widget\" data-e-type=\"widget\" data-widget_type=\"heading.default\">\n\t\t\t\t<div class=\"elementor-widget-container\">\n\t\t\t\t\t<h2 class=\"elementor-heading-title elementor-size-default\">nUESTRO GRAN IMPACTO<\/h2>\t\t\t\t<\/div>\n\t\t\t\t<\/div>\n\t\t\t\t\t<\/div>\n\t\t\t\t<\/div>\n\t\t<div class=\"elementor-element elementor-element-61cc6fa4 e-con-full e-flex e-con e-parent\" data-id=\"61cc6fa4\" data-element_type=\"container\" data-e-type=\"container\">\n\t\t<div class=\"elementor-element elementor-element-13f29909 e-con-full e-flex e-con e-child\" data-id=\"13f29909\" data-element_type=\"container\" data-e-type=\"container\">\n\t\t\t\t<div class=\"elementor-element elementor-element-3b7dca06 elementor-widget elementor-widget-text-editor\" data-id=\"3b7dca06\" data-element_type=\"widget\" data-e-type=\"widget\" data-widget_type=\"text-editor.default\">\n\t\t\t\t<div class=\"elementor-widget-container\">\n\t\t\t\t\t\t\t\t\t<p style=\"text-align: left;\" data-start=\"5334\" data-end=\"5393\">Para el final de nuestro proyecto, septiembre de 2026, pretendemos:<\/p>\t\t\t\t\t\t\t\t<\/div>\n\t\t\t\t<\/div>\n\t\t\t\t<div class=\"elementor-element elementor-element-5274370 elementor-widget elementor-widget-text-editor\" data-id=\"5274370\" data-element_type=\"widget\" data-e-type=\"widget\" data-widget_type=\"text-editor.default\">\n\t\t\t\t<div class=\"elementor-widget-container\">\n\t\t\t\t\t\t\t\t\t<p><strong>1. Elevar los niveles de calidad de la formaci\u00f3n intercultura<\/strong>l en la EFP y fuera de ella.<\/p>\t\t\t\t\t\t\t\t<\/div>\n\t\t\t\t<\/div>\n\t\t\t\t<div class=\"elementor-element elementor-element-6e2ef374 elementor-widget elementor-widget-text-editor\" data-id=\"6e2ef374\" data-element_type=\"widget\" data-e-type=\"widget\" data-widget_type=\"text-editor.default\">\n\t\t\t\t<div class=\"elementor-widget-container\">\n\t\t\t\t\t\t\t\t\t<p><strong>2. Promover la competencia intercultural como prioridad estrat\u00e9gica<\/strong> para el liderazgo integrador y el bienestar en el lugar de trabajo.<\/p>\t\t\t\t\t\t\t\t<\/div>\n\t\t\t\t<\/div>\n\t\t\t\t<div class=\"elementor-element elementor-element-5c6b4dad elementor-widget elementor-widget-text-editor\" data-id=\"5c6b4dad\" data-element_type=\"widget\" data-e-type=\"widget\" data-widget_type=\"text-editor.default\">\n\t\t\t\t<div class=\"elementor-widget-container\">\n\t\t\t\t\t\t\t\t\t<p><strong>3. Fomentar una comunidad europea de pr\u00e1cticas<\/strong> que integre la investigaci\u00f3n, la educaci\u00f3n, las empresas y la sociedad civil.<\/p>\t\t\t\t\t\t\t\t<\/div>\n\t\t\t\t<\/div>\n\t\t\t\t<div class=\"elementor-element elementor-element-728a2b8c elementor-widget elementor-widget-text-editor\" data-id=\"728a2b8c\" data-element_type=\"widget\" data-e-type=\"widget\" data-widget_type=\"text-editor.default\">\n\t\t\t\t<div class=\"elementor-widget-container\">\n\t\t\t\t\t\t\t\t\t<p><strong>4.<\/strong> <strong>Permitir una transformaci\u00f3n a largo plazo<\/strong> de la forma en que las personas aprenden a vivir y trabajar juntas en distintas culturas.<\/p>\t\t\t\t\t\t\t\t<\/div>\n\t\t\t\t<\/div>\n\t\t\t\t<\/div>\n\t\t<div class=\"elementor-element elementor-element-ae60da0 e-flex e-con-boxed e-con e-child\" data-id=\"ae60da0\" data-element_type=\"container\" data-e-type=\"container\">\n\t\t\t\t\t<div class=\"e-con-inner\">\n\t\t\t\t\t<\/div>\n\t\t\t\t<\/div>\n\t\t\t\t<\/div>\n\t\t<div class=\"elementor-element elementor-element-12afdf45 e-con-full e-flex e-con e-parent\" data-id=\"12afdf45\" data-element_type=\"container\" data-e-type=\"container\">\n\t\t<div class=\"elementor-element elementor-element-a9abbaf e-con-full e-flex e-con e-child\" data-id=\"a9abbaf\" data-element_type=\"container\" data-e-type=\"container\" data-settings=\"{&quot;background_background&quot;:&quot;classic&quot;}\">\n\t\t\t\t<div class=\"elementor-element elementor-element-8689936 elementor-widget elementor-widget-heading\" data-id=\"8689936\" data-element_type=\"widget\" data-e-type=\"widget\" data-widget_type=\"heading.default\">\n\t\t\t\t<div class=\"elementor-widget-container\">\n\t\t\t\t\t<h5 class=\"elementor-heading-title elementor-size-default\">EN ELEVATE no s\u00f3lo dise\u00f1amos herramientas. Dise\u00f1amos sistemas de cambio.<\/h5>\t\t\t\t<\/div>\n\t\t\t\t<\/div>\n\t\t\t\t<\/div>\n\t\t\t\t<div class=\"elementor-element elementor-element-733e094a elementor-widget elementor-widget-spacer\" data-id=\"733e094a\" data-element_type=\"widget\" data-e-type=\"widget\" data-widget_type=\"spacer.default\">\n\t\t\t\t<div class=\"elementor-widget-container\">\n\t\t\t\t\t\t\t<div class=\"elementor-spacer\">\n\t\t\t<div class=\"elementor-spacer-inner\"><\/div>\n\t\t<\/div>\n\t\t\t\t\t\t<\/div>\n\t\t\t\t<\/div>\n\t\t\t\t<div class=\"elementor-element elementor-element-45da5ba1 elementor-widget elementor-widget-image\" data-id=\"45da5ba1\" data-element_type=\"widget\" data-e-type=\"widget\" data-widget_type=\"image.default\">\n\t\t\t\t<div class=\"elementor-widget-container\">\n\t\t\t\t\t\t\t\t\t\t\t\t\t\t\t<img loading=\"lazy\" decoding=\"async\" width=\"64\" height=\"64\" src=\"https:\/\/elevatecompetences.com\/wp-content\/uploads\/2025\/05\/unir-las-manos.png\" class=\"attachment-medium size-medium wp-image-9533\" alt=\"\" \/>\t\t\t\t\t\t\t\t\t\t\t\t\t\t\t<\/div>\n\t\t\t\t<\/div>\n\t\t\t\t<\/div>\n\t\t<div class=\"elementor-element elementor-element-40e4b2ff e-flex e-con-boxed e-con e-parent\" data-id=\"40e4b2ff\" data-element_type=\"container\" data-e-type=\"container\" data-settings=\"{&quot;background_background&quot;:&quot;classic&quot;}\">\n\t\t\t\t\t<div class=\"e-con-inner\">\n\t\t\t\t<div class=\"elementor-element elementor-element-24c24e6e elementor-widget elementor-widget-heading\" data-id=\"24c24e6e\" data-element_type=\"widget\" data-e-type=\"widget\" data-widget_type=\"heading.default\">\n\t\t\t\t<div class=\"elementor-widget-container\">\n\t\t\t\t\t<h2 class=\"elementor-heading-title elementor-size-default\">\u00fanete<\/h2>\t\t\t\t<\/div>\n\t\t\t\t<\/div>\n\t\t\t\t\t<\/div>\n\t\t\t\t<\/div>\n\t\t<div class=\"elementor-element elementor-element-2f937e7e e-con-full e-flex e-con e-parent\" data-id=\"2f937e7e\" data-element_type=\"container\" data-e-type=\"container\" data-settings=\"{&quot;background_background&quot;:&quot;classic&quot;}\">\n\t\t\t\t<div class=\"elementor-element elementor-element-790e9b80 elementor-widget elementor-widget-text-editor\" data-id=\"790e9b80\" data-element_type=\"widget\" data-e-type=\"widget\" data-widget_type=\"text-editor.default\">\n\t\t\t\t<div class=\"elementor-widget-container\">\n\t\t\t\t\t\t\t\t\t<p>Tanto si eres formador, gestor, responsable pol\u00edtico o educador, ELEVATE te ofrece herramientas, ideas e inspiraci\u00f3n para apoyar tu viaje intercultural. Mantente conectado, explora nuestros recursos y ay\u00fadanos a construir una Europa m\u00e1s integradora, emp\u00e1tica e interculturalmente competente.<\/p><p>Nuestro proyecto es posible gracias a la colaboraci\u00f3n de socios expertos:<\/p>\t\t\t\t\t\t\t\t<\/div>\n\t\t\t\t<\/div>\n\t\t\t\t<\/div>\n\t\t<div class=\"elementor-element elementor-element-3f7d28bf e-con-full e-flex e-con e-parent\" data-id=\"3f7d28bf\" data-element_type=\"container\" data-e-type=\"container\">\n\t\t\t\t<div class=\"elementor-element elementor-element-48482fa8 elementor-widget elementor-widget-image\" data-id=\"48482fa8\" data-element_type=\"widget\" data-e-type=\"widget\" data-widget_type=\"image.default\">\n\t\t\t\t<div class=\"elementor-widget-container\">\n\t\t\t\t\t\t\t\t\t\t\t\t\t\t\t<img loading=\"lazy\" decoding=\"async\" width=\"1414\" height=\"227\" src=\"https:\/\/elevatecompetences.com\/wp-content\/uploads\/2025\/09\/Elevate-Guidelines-Colors-1.png\" class=\"attachment-full size-full wp-image-9694\" alt=\"partners\" srcset=\"https:\/\/elevatecompetences.com\/wp-content\/uploads\/2025\/09\/Elevate-Guidelines-Colors-1.png 1414w, https:\/\/elevatecompetences.com\/wp-content\/uploads\/2025\/09\/Elevate-Guidelines-Colors-1-300x48.png 300w, https:\/\/elevatecompetences.com\/wp-content\/uploads\/2025\/09\/Elevate-Guidelines-Colors-1-1024x164.png 1024w, https:\/\/elevatecompetences.com\/wp-content\/uploads\/2025\/09\/Elevate-Guidelines-Colors-1-768x123.png 768w\" sizes=\"(max-width: 1414px) 100vw, 1414px\" \/>\t\t\t\t\t\t\t\t\t\t\t\t\t\t\t<\/div>\n\t\t\t\t<\/div>\n\t\t\t\t<div class=\"elementor-element elementor-element-47368da6 elementor-widget elementor-widget-spacer\" data-id=\"47368da6\" data-element_type=\"widget\" data-e-type=\"widget\" data-widget_type=\"spacer.default\">\n\t\t\t\t<div class=\"elementor-widget-container\">\n\t\t\t\t\t\t\t<div class=\"elementor-spacer\">\n\t\t\t<div class=\"elementor-spacer-inner\"><\/div>\n\t\t<\/div>\n\t\t\t\t\t\t<\/div>\n\t\t\t\t<\/div>\n\t\t\t\t<\/div>\n\t\t<div class=\"elementor-element elementor-element-38e61620 e-flex e-con-boxed e-con e-parent\" data-id=\"38e61620\" data-element_type=\"container\" data-e-type=\"container\">\n\t\t\t\t\t<div class=\"e-con-inner\">\n\t\t<div class=\"elementor-element elementor-element-63bbc734 e-con-full e-flex e-con e-child\" data-id=\"63bbc734\" data-element_type=\"container\" data-e-type=\"container\">\n\t\t\t\t<div class=\"elementor-element elementor-element-1ab75028 elementor-widget__width-initial elementor-widget elementor-widget-image\" data-id=\"1ab75028\" data-element_type=\"widget\" data-e-type=\"widget\" data-widget_type=\"image.default\">\n\t\t\t\t<div class=\"elementor-widget-container\">\n\t\t\t\t\t\t\t\t\t\t\t\t\t\t\t<img loading=\"lazy\" decoding=\"async\" width=\"200\" height=\"42\" src=\"https:\/\/elevatecompetences.com\/wp-content\/uploads\/2025\/02\/unionEuropea.png\" class=\"attachment-large size-large wp-image-8375\" alt=\"\" \/>\t\t\t\t\t\t\t\t\t\t\t\t\t\t\t<\/div>\n\t\t\t\t<\/div>\n\t\t\t\t<\/div>\n\t\t<div class=\"elementor-element elementor-element-28e338bc e-con-full e-flex e-con e-child\" data-id=\"28e338bc\" data-element_type=\"container\" data-e-type=\"container\">\n\t\t\t\t<div class=\"elementor-element elementor-element-3e98d681 elementor-widget elementor-widget-text-editor\" data-id=\"3e98d681\" data-element_type=\"widget\" data-e-type=\"widget\" data-widget_type=\"text-editor.default\">\n\t\t\t\t<div class=\"elementor-widget-container\">\n\t\t\t\t\t\t\t\t\t<p>Funded by the European Union. Views and opinions expressed are however those of the author(s) only and do not necessarily reflect those of the European Union or the European Education and Culture Executive Agency (EACEA). Neither the European Union nor EACEA can be held responsible for them. [Project ID: KA220-VET-7F84C457]<\/p>\t\t\t\t\t\t\t\t<\/div>\n\t\t\t\t<\/div>\n\t\t\t\t<\/div>\n\t\t\t\t\t<\/div>\n\t\t\t\t<\/div>\n\t\t\t\t<\/div>\n\t\t","protected":false},"excerpt":{"rendered":"<p>En b\u00fasqueda de la excelencia en la formaci\u00f3n profesional e intercultural En un mundo marcado por la creciente diversidad cultural, la movilidad global y la polarizaci\u00f3n social, la competencia intercultural ya no es una habilidad blanda, sino una capacidad vital para construir lugares de trabajo y sociedades inclusivos, resilientes y eficaces. Sin embargo, a pesar [&hellip;]<\/p>\n","protected":false},"author":3,"featured_media":0,"parent":0,"menu_order":0,"comment_status":"closed","ping_status":"closed","template":"","meta":{"footnotes":""},"class_list":["post-8869","page","type-page","status-publish","hentry"],"blocksy_meta":[],"yoast_head":"<!-- This site is optimized with the Yoast SEO plugin v27.4 - https:\/\/yoast.com\/product\/yoast-seo-wordpress\/ -->\n<title>Sobre<\/title>\n<meta name=\"robots\" content=\"index, follow, max-snippet:-1, max-image-preview:large, max-video-preview:-1\" \/>\n<link rel=\"canonical\" href=\"https:\/\/elevatecompetences.com\/es\/sobre\/\" \/>\n<meta property=\"og:locale\" content=\"es_ES\" \/>\n<meta property=\"og:type\" content=\"article\" \/>\n<meta property=\"og:title\" content=\"Sobre\" \/>\n<meta property=\"og:description\" content=\"En b\u00fasqueda de la excelencia en la formaci\u00f3n profesional e intercultural En un mundo marcado por la creciente diversidad cultural, la movilidad global y la polarizaci\u00f3n social, la competencia intercultural ya no es una habilidad blanda, sino una capacidad vital para construir lugares de trabajo y sociedades inclusivos, resilientes y eficaces. Sin embargo, a pesar [&hellip;]\" \/>\n<meta property=\"og:url\" content=\"https:\/\/elevatecompetences.com\/es\/sobre\/\" \/>\n<meta property=\"og:site_name\" content=\"ELEVATE\" \/>\n<meta property=\"article:modified_time\" content=\"2025-10-28T14:33:57+00:00\" \/>\n<meta property=\"og:image\" content=\"http:\/\/elevatecompetences.com\/wp-content\/uploads\/elementor\/thumbs\/personas-mirando-ordenador-scaled-rdobtryxkcscnv2x2l5s1lk5hcprzdr6z2nt56fohk.jpg\" \/>\n<meta name=\"twitter:card\" content=\"summary_large_image\" \/>\n<meta name=\"twitter:label1\" content=\"Tiempo de lectura\" \/>\n\t<meta name=\"twitter:data1\" content=\"6 minutos\" \/>\n<script type=\"application\/ld+json\" class=\"yoast-schema-graph\">{\"@context\":\"https:\\\/\\\/schema.org\",\"@graph\":[{\"@type\":\"WebPage\",\"@id\":\"https:\\\/\\\/elevatecompetences.com\\\/es\\\/sobre\\\/\",\"url\":\"https:\\\/\\\/elevatecompetences.com\\\/es\\\/sobre\\\/\",\"name\":\"Sobre\",\"isPartOf\":{\"@id\":\"https:\\\/\\\/elevatecompetences.com\\\/es\\\/#website\"},\"primaryImageOfPage\":{\"@id\":\"https:\\\/\\\/elevatecompetences.com\\\/es\\\/sobre\\\/#primaryimage\"},\"image\":{\"@id\":\"https:\\\/\\\/elevatecompetences.com\\\/es\\\/sobre\\\/#primaryimage\"},\"thumbnailUrl\":\"http:\\\/\\\/elevatecompetences.com\\\/wp-content\\\/uploads\\\/elementor\\\/thumbs\\\/personas-mirando-ordenador-scaled-rdobtryxkcscnv2x2l5s1lk5hcprzdr6z2nt56fohk.jpg\",\"datePublished\":\"2025-02-28T16:54:12+00:00\",\"dateModified\":\"2025-10-28T14:33:57+00:00\",\"breadcrumb\":{\"@id\":\"https:\\\/\\\/elevatecompetences.com\\\/es\\\/sobre\\\/#breadcrumb\"},\"inLanguage\":\"es\",\"potentialAction\":[{\"@type\":\"ReadAction\",\"target\":[\"https:\\\/\\\/elevatecompetences.com\\\/es\\\/sobre\\\/\"]}]},{\"@type\":\"ImageObject\",\"inLanguage\":\"es\",\"@id\":\"https:\\\/\\\/elevatecompetences.com\\\/es\\\/sobre\\\/#primaryimage\",\"url\":\"http:\\\/\\\/elevatecompetences.com\\\/wp-content\\\/uploads\\\/elementor\\\/thumbs\\\/personas-mirando-ordenador-scaled-rdobtryxkcscnv2x2l5s1lk5hcprzdr6z2nt56fohk.jpg\",\"contentUrl\":\"http:\\\/\\\/elevatecompetences.com\\\/wp-content\\\/uploads\\\/elementor\\\/thumbs\\\/personas-mirando-ordenador-scaled-rdobtryxkcscnv2x2l5s1lk5hcprzdr6z2nt56fohk.jpg\"},{\"@type\":\"BreadcrumbList\",\"@id\":\"https:\\\/\\\/elevatecompetences.com\\\/es\\\/sobre\\\/#breadcrumb\",\"itemListElement\":[{\"@type\":\"ListItem\",\"position\":1,\"name\":\"Home\",\"item\":\"https:\\\/\\\/elevatecompetences.com\\\/es\\\/home-spanish\\\/\"},{\"@type\":\"ListItem\",\"position\":2,\"name\":\"Sobre\"}]},{\"@type\":\"WebSite\",\"@id\":\"https:\\\/\\\/elevatecompetences.com\\\/es\\\/#website\",\"url\":\"https:\\\/\\\/elevatecompetences.com\\\/es\\\/\",\"name\":\"ELEVATE\",\"description\":\"Funded by the Erasmus+ Programme, ELEVATE brings together an international consortium of academic institutions, training providers, and social innovation organizations across different european countries. The project aims to redefine how intercultural competence is developed, evaluated, and sustained in vocational education and training (VET) and in broader organizational learning ecosystems.\",\"publisher\":{\"@id\":\"https:\\\/\\\/elevatecompetences.com\\\/es\\\/#organization\"},\"potentialAction\":[{\"@type\":\"SearchAction\",\"target\":{\"@type\":\"EntryPoint\",\"urlTemplate\":\"https:\\\/\\\/elevatecompetences.com\\\/es\\\/?s={search_term_string}\"},\"query-input\":{\"@type\":\"PropertyValueSpecification\",\"valueRequired\":true,\"valueName\":\"search_term_string\"}}],\"inLanguage\":\"es\"},{\"@type\":\"Organization\",\"@id\":\"https:\\\/\\\/elevatecompetences.com\\\/es\\\/#organization\",\"name\":\"ELEVATE\",\"url\":\"https:\\\/\\\/elevatecompetences.com\\\/es\\\/\",\"logo\":{\"@type\":\"ImageObject\",\"inLanguage\":\"es\",\"@id\":\"https:\\\/\\\/elevatecompetences.com\\\/es\\\/#\\\/schema\\\/logo\\\/image\\\/\",\"url\":\"https:\\\/\\\/elevatecompetences.com\\\/wp-content\\\/uploads\\\/2025\\\/02\\\/elevate-4-1.png\",\"contentUrl\":\"https:\\\/\\\/elevatecompetences.com\\\/wp-content\\\/uploads\\\/2025\\\/02\\\/elevate-4-1.png\",\"width\":208,\"height\":245,\"caption\":\"ELEVATE\"},\"image\":{\"@id\":\"https:\\\/\\\/elevatecompetences.com\\\/es\\\/#\\\/schema\\\/logo\\\/image\\\/\"}}]}<\/script>\n<!-- \/ Yoast SEO plugin. -->","yoast_head_json":{"title":"Sobre","robots":{"index":"index","follow":"follow","max-snippet":"max-snippet:-1","max-image-preview":"max-image-preview:large","max-video-preview":"max-video-preview:-1"},"canonical":"https:\/\/elevatecompetences.com\/es\/sobre\/","og_locale":"es_ES","og_type":"article","og_title":"Sobre","og_description":"En b\u00fasqueda de la excelencia en la formaci\u00f3n profesional e intercultural En un mundo marcado por la creciente diversidad cultural, la movilidad global y la polarizaci\u00f3n social, la competencia intercultural ya no es una habilidad blanda, sino una capacidad vital para construir lugares de trabajo y sociedades inclusivos, resilientes y eficaces. Sin embargo, a pesar [&hellip;]","og_url":"https:\/\/elevatecompetences.com\/es\/sobre\/","og_site_name":"ELEVATE","article_modified_time":"2025-10-28T14:33:57+00:00","og_image":[{"url":"http:\/\/elevatecompetences.com\/wp-content\/uploads\/elementor\/thumbs\/personas-mirando-ordenador-scaled-rdobtryxkcscnv2x2l5s1lk5hcprzdr6z2nt56fohk.jpg","type":"","width":"","height":""}],"twitter_card":"summary_large_image","twitter_misc":{"Tiempo de lectura":"6 minutos"},"schema":{"@context":"https:\/\/schema.org","@graph":[{"@type":"WebPage","@id":"https:\/\/elevatecompetences.com\/es\/sobre\/","url":"https:\/\/elevatecompetences.com\/es\/sobre\/","name":"Sobre","isPartOf":{"@id":"https:\/\/elevatecompetences.com\/es\/#website"},"primaryImageOfPage":{"@id":"https:\/\/elevatecompetences.com\/es\/sobre\/#primaryimage"},"image":{"@id":"https:\/\/elevatecompetences.com\/es\/sobre\/#primaryimage"},"thumbnailUrl":"http:\/\/elevatecompetences.com\/wp-content\/uploads\/elementor\/thumbs\/personas-mirando-ordenador-scaled-rdobtryxkcscnv2x2l5s1lk5hcprzdr6z2nt56fohk.jpg","datePublished":"2025-02-28T16:54:12+00:00","dateModified":"2025-10-28T14:33:57+00:00","breadcrumb":{"@id":"https:\/\/elevatecompetences.com\/es\/sobre\/#breadcrumb"},"inLanguage":"es","potentialAction":[{"@type":"ReadAction","target":["https:\/\/elevatecompetences.com\/es\/sobre\/"]}]},{"@type":"ImageObject","inLanguage":"es","@id":"https:\/\/elevatecompetences.com\/es\/sobre\/#primaryimage","url":"http:\/\/elevatecompetences.com\/wp-content\/uploads\/elementor\/thumbs\/personas-mirando-ordenador-scaled-rdobtryxkcscnv2x2l5s1lk5hcprzdr6z2nt56fohk.jpg","contentUrl":"http:\/\/elevatecompetences.com\/wp-content\/uploads\/elementor\/thumbs\/personas-mirando-ordenador-scaled-rdobtryxkcscnv2x2l5s1lk5hcprzdr6z2nt56fohk.jpg"},{"@type":"BreadcrumbList","@id":"https:\/\/elevatecompetences.com\/es\/sobre\/#breadcrumb","itemListElement":[{"@type":"ListItem","position":1,"name":"Home","item":"https:\/\/elevatecompetences.com\/es\/home-spanish\/"},{"@type":"ListItem","position":2,"name":"Sobre"}]},{"@type":"WebSite","@id":"https:\/\/elevatecompetences.com\/es\/#website","url":"https:\/\/elevatecompetences.com\/es\/","name":"ELEVAR","description":"Funded by the Erasmus+ Programme, ELEVATE brings together an international consortium of academic institutions, training providers, and social innovation organizations across different european countries. The project aims to redefine how intercultural competence is developed, evaluated, and sustained in vocational education and training (VET) and in broader organizational learning ecosystems.","publisher":{"@id":"https:\/\/elevatecompetences.com\/es\/#organization"},"potentialAction":[{"@type":"SearchAction","target":{"@type":"EntryPoint","urlTemplate":"https:\/\/elevatecompetences.com\/es\/?s={search_term_string}"},"query-input":{"@type":"PropertyValueSpecification","valueRequired":true,"valueName":"search_term_string"}}],"inLanguage":"es"},{"@type":"Organization","@id":"https:\/\/elevatecompetences.com\/es\/#organization","name":"ELEVAR","url":"https:\/\/elevatecompetences.com\/es\/","logo":{"@type":"ImageObject","inLanguage":"es","@id":"https:\/\/elevatecompetences.com\/es\/#\/schema\/logo\/image\/","url":"https:\/\/elevatecompetences.com\/wp-content\/uploads\/2025\/02\/elevate-4-1.png","contentUrl":"https:\/\/elevatecompetences.com\/wp-content\/uploads\/2025\/02\/elevate-4-1.png","width":208,"height":245,"caption":"ELEVATE"},"image":{"@id":"https:\/\/elevatecompetences.com\/es\/#\/schema\/logo\/image\/"}}]}},"_links":{"self":[{"href":"https:\/\/elevatecompetences.com\/es\/wp-json\/wp\/v2\/pages\/8869","targetHints":{"allow":["GET"]}}],"collection":[{"href":"https:\/\/elevatecompetences.com\/es\/wp-json\/wp\/v2\/pages"}],"about":[{"href":"https:\/\/elevatecompetences.com\/es\/wp-json\/wp\/v2\/types\/page"}],"author":[{"embeddable":true,"href":"https:\/\/elevatecompetences.com\/es\/wp-json\/wp\/v2\/users\/3"}],"replies":[{"embeddable":true,"href":"https:\/\/elevatecompetences.com\/es\/wp-json\/wp\/v2\/comments?post=8869"}],"version-history":[{"count":70,"href":"https:\/\/elevatecompetences.com\/es\/wp-json\/wp\/v2\/pages\/8869\/revisions"}],"predecessor-version":[{"id":9994,"href":"https:\/\/elevatecompetences.com\/es\/wp-json\/wp\/v2\/pages\/8869\/revisions\/9994"}],"wp:attachment":[{"href":"https:\/\/elevatecompetences.com\/es\/wp-json\/wp\/v2\/media?parent=8869"}],"curies":[{"name":"wp","href":"https:\/\/api.w.org\/{rel}","templated":true}]}}