{"id":10023,"date":"2025-10-29T16:20:52","date_gmt":"2025-10-29T16:20:52","guid":{"rendered":"https:\/\/elevatecompetences.com\/?page_id=10023"},"modified":"2026-01-08T15:47:32","modified_gmt":"2026-01-08T15:47:32","slug":"herramienta-de-autoevaluacion","status":"publish","type":"page","link":"https:\/\/elevatecompetences.com\/es\/resultados\/herramienta-de-autoevaluacion\/","title":{"rendered":"Herramienta de autoevaluaci\u00f3n"},"content":{"rendered":"<div data-elementor-type=\"wp-page\" data-elementor-id=\"10023\" class=\"elementor elementor-10023\">\n\t\t\t\t<div class=\"elementor-element elementor-element-8320771 e-grid e-con-boxed e-con e-parent\" data-id=\"8320771\" data-element_type=\"container\" data-e-type=\"container\">\n\t\t\t\t\t<div class=\"e-con-inner\">\n\t\t<div class=\"elementor-element elementor-element-bfc1a5b e-con-full e-flex e-con e-child\" data-id=\"bfc1a5b\" data-element_type=\"container\" data-e-type=\"container\">\n\t\t\t\t<div class=\"elementor-element elementor-element-df1873f elementor-widget elementor-widget-heading\" data-id=\"df1873f\" data-element_type=\"widget\" data-e-type=\"widget\" data-widget_type=\"heading.default\">\n\t\t\t\t<div class=\"elementor-widget-container\">\n\t\t\t\t\t<h1 class=\"elementor-heading-title elementor-size-default\">UN CRECIMIENTO IMPULSADO POR LA CULTURA<\/h1>\t\t\t\t<\/div>\n\t\t\t\t<\/div>\n\t\t\t\t<div class=\"elementor-element elementor-element-7ebdf75 elementor-widget elementor-widget-text-editor\" data-id=\"7ebdf75\" data-element_type=\"widget\" data-e-type=\"widget\" data-widget_type=\"text-editor.default\">\n\t\t\t\t<div class=\"elementor-widget-container\">\n\t\t\t\t\t\t\t\t\t<p>HERRAMIENTA DE AUTOEVALUACI\u00d3N PARA ORGANIZACIONES CON VISI\u00d3N DE FUTURO<\/p>\t\t\t\t\t\t\t\t<\/div>\n\t\t\t\t<\/div>\n\t\t\t\t<\/div>\n\t\t<div class=\"elementor-element elementor-element-2303772 e-con-full e-flex e-con e-child\" data-id=\"2303772\" data-element_type=\"container\" data-e-type=\"container\" data-settings=\"{&quot;background_background&quot;:&quot;classic&quot;}\">\n\t\t\t\t<\/div>\n\t\t\t\t\t<\/div>\n\t\t\t\t<\/div>\n\t\t<div class=\"elementor-element elementor-element-f0c9c83 e-flex e-con-boxed e-con e-parent\" data-id=\"f0c9c83\" data-element_type=\"container\" data-e-type=\"container\" data-settings=\"{&quot;background_background&quot;:&quot;classic&quot;}\">\n\t\t\t\t\t<div class=\"e-con-inner\">\n\t\t\t\t<div class=\"elementor-element elementor-element-948df23 elementor-widget elementor-widget-spacer\" data-id=\"948df23\" data-element_type=\"widget\" data-e-type=\"widget\" data-widget_type=\"spacer.default\">\n\t\t\t\t<div class=\"elementor-widget-container\">\n\t\t\t\t\t\t\t<div class=\"elementor-spacer\">\n\t\t\t<div class=\"elementor-spacer-inner\"><\/div>\n\t\t<\/div>\n\t\t\t\t\t\t<\/div>\n\t\t\t\t<\/div>\n\t\t\t\t<div class=\"elementor-element elementor-element-324f1ff elementor-widget elementor-widget-heading\" data-id=\"324f1ff\" data-element_type=\"widget\" data-e-type=\"widget\" data-widget_type=\"heading.default\">\n\t\t\t\t<div class=\"elementor-widget-container\">\n\t\t\t\t\t<h4 class=\"elementor-heading-title elementor-size-default\">\u00bfEst\u00e1 preparada tu organizaci\u00f3n para impulsar la diversidad?<\/h4>\t\t\t\t<\/div>\n\t\t\t\t<\/div>\n\t\t\t\t<div class=\"elementor-element elementor-element-9b4bf09 elementor-widget elementor-widget-text-editor\" data-id=\"9b4bf09\" data-element_type=\"widget\" data-e-type=\"widget\" data-widget_type=\"text-editor.default\">\n\t\t\t\t<div class=\"elementor-widget-container\">\n\t\t\t\t\t\t\t\t\t<p>Casi todas las organizaciones experimentan hoy en d\u00eda alg\u00fan nivel de diversidad cultural. Queremos invitarte a reflexionar sobre\u00a0<span style=\"font-size: 10.5pt; background-color: transparent; font-variant-numeric: normal; font-variant-east-asian: normal; font-variant-alternates: normal; font-variant-position: normal; font-variant-emoji: normal; vertical-align: baseline; white-space-collapse: preserve;\">el enfoque de tu organizaci\u00f3n con respecto a <\/span><span style=\"font-size: 10.5pt; background-color: transparent; font-variant-numeric: normal; font-variant-east-asian: normal; font-variant-alternates: normal; font-variant-position: normal; font-variant-emoji: normal; vertical-align: baseline; white-space-collapse: preserve;\">la diversidad, para crear un entorno de trabajo m\u00e1s eficaz, c\u00f3modo y, por tanto, productivo.<\/span><\/p><p><span style=\"font-weight: 400;\">Te has preguntado alguna vez:\u00a0<\/span><\/p><p><span style=\"font-weight: 400;\">\u00bf<\/span><span style=\"font-weight: 400;\">Si tu organizaci\u00f3n la diversidad cultural como un reto o como una oportunidad?<\/span><span style=\"font-weight: 400;\"><br \/><\/span><span style=\"font-weight: 400;\">\u00bfDe qu\u00e9 manera est\u00e1s<\/span><span style=\"font-weight: 400;\">\u00a0abordando la diversidad cultural? \u00bfde forma constructiva y productiva?<\/span><span style=\"font-weight: 400;\"><br \/><\/span><span style=\"font-weight: 400;\">\u00bfDe qu\u00e9 prop\u00f3sito, procesos y procedimientos dispones<\/span><span style=\"font-weight: 400;\">\u00a0para gestionarla y desarrollarla eficazmente?<\/span><\/p>\t\t\t\t\t\t\t\t<\/div>\n\t\t\t\t<\/div>\n\t\t\t\t<div class=\"elementor-element elementor-element-6967852 elementor-widget elementor-widget-spacer\" data-id=\"6967852\" data-element_type=\"widget\" data-e-type=\"widget\" data-widget_type=\"spacer.default\">\n\t\t\t\t<div class=\"elementor-widget-container\">\n\t\t\t\t\t\t\t<div class=\"elementor-spacer\">\n\t\t\t<div class=\"elementor-spacer-inner\"><\/div>\n\t\t<\/div>\n\t\t\t\t\t\t<\/div>\n\t\t\t\t<\/div>\n\t\t\t\t<div class=\"elementor-element elementor-element-d6dc811 elementor-widget elementor-widget-heading\" data-id=\"d6dc811\" data-element_type=\"widget\" data-e-type=\"widget\" data-widget_type=\"heading.default\">\n\t\t\t\t<div class=\"elementor-widget-container\">\n\t\t\t\t\t<h4 class=\"elementor-heading-title elementor-size-default\">\u00bfTe gustar\u00eda embarcarte con nosotros en un viaje que te permitir\u00e1 aprovechar el potencial de la diversidad cultural en tu organizaci\u00f3n? <\/h4>\t\t\t\t<\/div>\n\t\t\t\t<\/div>\n\t\t\t\t<div class=\"elementor-element elementor-element-223d20a elementor-widget elementor-widget-spacer\" data-id=\"223d20a\" data-element_type=\"widget\" data-e-type=\"widget\" data-widget_type=\"spacer.default\">\n\t\t\t\t<div class=\"elementor-widget-container\">\n\t\t\t\t\t\t\t<div class=\"elementor-spacer\">\n\t\t\t<div class=\"elementor-spacer-inner\"><\/div>\n\t\t<\/div>\n\t\t\t\t\t\t<\/div>\n\t\t\t\t<\/div>\n\t\t\t\t<div class=\"elementor-element elementor-element-240d591 elementor-widget elementor-widget-text-editor\" data-id=\"240d591\" data-element_type=\"widget\" data-e-type=\"widget\" data-widget_type=\"text-editor.default\">\n\t\t\t\t<div class=\"elementor-widget-container\">\n\t\t\t\t\t\t\t\t\t<p>Esta herramienta de autoevaluaci\u00f3n est\u00e1 dise\u00f1ada para ayudarte a explorar estas cuestiones y evaluar el enfoque de su organizaci\u00f3n ante los retos y oportunidades que conlleva la diversidad cultural. Las organizaciones de hoy en d\u00eda deben navegar por un paisaje conformado por culturas nacionales, regionales, profesionales, generacionales, industriales y organizativas, todas las cuales influyen en la <strong>colaboraci\u00f3n, la innovaci\u00f3n, la resiliencia y el impacto.<\/strong><\/p>\t\t\t\t\t\t\t\t<\/div>\n\t\t\t\t<\/div>\n\t\t\t\t<div class=\"elementor-element elementor-element-2f997e7 elementor-widget elementor-widget-spacer\" data-id=\"2f997e7\" data-element_type=\"widget\" data-e-type=\"widget\" data-widget_type=\"spacer.default\">\n\t\t\t\t<div class=\"elementor-widget-container\">\n\t\t\t\t\t\t\t<div class=\"elementor-spacer\">\n\t\t\t<div class=\"elementor-spacer-inner\"><\/div>\n\t\t<\/div>\n\t\t\t\t\t\t<\/div>\n\t\t\t\t<\/div>\n\t\t\t\t\t<\/div>\n\t\t\t\t<\/div>\n\t\t<div class=\"elementor-element elementor-element-e96d37c e-flex e-con-boxed e-con e-parent\" data-id=\"e96d37c\" data-element_type=\"container\" data-e-type=\"container\" data-settings=\"{&quot;background_background&quot;:&quot;classic&quot;}\">\n\t\t\t\t\t<div class=\"e-con-inner\">\n\t\t<div class=\"elementor-element elementor-element-2565eae e-con-full e-flex e-con e-child\" data-id=\"2565eae\" data-element_type=\"container\" data-e-type=\"container\">\n\t\t\t\t<div class=\"elementor-element elementor-element-93a6b0b elementor-widget elementor-widget-heading\" data-id=\"93a6b0b\" data-element_type=\"widget\" data-e-type=\"widget\" data-widget_type=\"heading.default\">\n\t\t\t\t<div class=\"elementor-widget-container\">\n\t\t\t\t\t<h2 class=\"elementor-heading-title elementor-size-default\">Por qu\u00e9 es importante la diversidad. El caso empresarial y m\u00e1s all\u00e1<\/h2>\t\t\t\t<\/div>\n\t\t\t\t<\/div>\n\t\t\t\t<div class=\"elementor-element elementor-element-375b1f0 elementor-widget elementor-widget-text-editor\" data-id=\"375b1f0\" data-element_type=\"widget\" data-e-type=\"widget\" data-widget_type=\"text-editor.default\">\n\t\t\t\t<div class=\"elementor-widget-container\">\n\t\t\t\t\t\t\t\t\t<p><strong>Por qu\u00e9 es importante la diversidad: el caso empresarial y m\u00e1s all\u00e1<\/strong><\/p><p>La diversidad en las organizaciones es mucho m\u00e1s que una ventaja estrat\u00e9gica. Es la base del aprendizaje, la innovaci\u00f3n, la resiliencia y la dignidad humana. La investigaci\u00f3n ha demostrado repetidamente los beneficios de la diversidad para los equipos y las organizaciones.<\/p>\t\t\t\t\t\t\t\t<\/div>\n\t\t\t\t<\/div>\n\t\t<div class=\"elementor-element elementor-element-9b50b87 e-con-full e-flex e-con e-child\" data-id=\"9b50b87\" data-element_type=\"container\" data-e-type=\"container\" data-settings=\"{&quot;background_background&quot;:&quot;classic&quot;}\">\n\t\t\t\t<div class=\"elementor-element elementor-element-ba26aa2 elementor-widget__width-inherit elementor-widget elementor-widget-witr_swiper_slider\" data-id=\"ba26aa2\" data-element_type=\"widget\" data-e-type=\"widget\" data-widget_type=\"witr_swiper_slider.default\">\n\t\t\t\t<div class=\"elementor-widget-container\">\n\t\t\t\t\t\t\t\t\t\t<!-- Swiper -->\r\n\t\t\t<div class=\"witr_swiper_area\">\r\n\r\n\t\t\t\t<div class=\"swiper w_slider_3 witr_active_id5\"dir=\"ltr\">\r\n\t\t\t\t\t<div class=\"swiper-wrapper\" >\r\n\t\t\t\t\t\t\t\t\r\n\t\t\t\t\t    <div class=\"swiper-slide txbdslider d1 t1 m1\"  style=\"background-image:url(http:\/\/elevatecompetences.com\/wp-content\/uploads\/2025\/10\/blackcreek-corporate-LqlZQP53d9o-unsplash-scaled.jpg);\">\r\n\t\t\t\t\t\t\t<!-- witr_show_animate -->\r\n\t\t\t\t\t\t\t\t\t\t\t\t\t\t<div class=\"witr_sw_text_area witr_swiper_height text-center\">\r\n\t\t\t\t\t\t\t\t<div class=\"witr_swiper_content\">\r\n\t\t\t\t\t\t\t\t\t\t\t\t\t\t\t\t\t\r\n\t\t\t\t\t\t\t\t\t<!-- title -->\r\n\t\t\t\t\t\t\t\t\t\t\t\t\t\t\t\t\t\t\t<h1>Creatividad e Innovaci\u00f3n:<\/h1>\r\n\t\t\t\t\t\t\t\t\t\t\t\t\t\t\t\t\t\t<!-- title 2 -->\r\n\t\t\t\t\t\t\t\t\t\t\t\t\t\t\t\t\t\t<!-- title 3 -->\r\n\t\t\t\t\t\t\t\t\t\t\t\t\t\t\t\t\t\t<!-- content -->\r\n\t\t\t\t\t\t\t\t\t\t\t\t\t\t\t\t\t\t\t<p>Los equipos diversos generan m\u00e1s ideas innovadoras y soluciones creativas (Richard et al., 2003; Harnoss et al., 2022).<\/p>\r\n\t\t\t\t\t\t\t\t\t\t\t\t\t\t\t\t\t\t\t\t\t\t\r\n\t\t\t\t\t\t\t\t\t<!-- inner title -->\r\n\t\t\t\t\t\t\t\t\t\r\n\t\t\t\t\t\t\t\t\t<!-- btn gradient style -->\r\n\t\t\t\t\t\t\t\t\t<div class=\"slider_btn\">\r\n\t\t\t\t\t\t\t\t\t\t<div class=\"witr_btn_style\">\r\n\t\t\t\t\t\t\t\t\t\t\t<div class=\"witr_btn_sinner\">\r\n\t\t\t\t\t\t\t\t\t\t\t\t<!-- button -->\r\n\t\t\t\t\t\t\t\t\t\t\t\t\r\n\t\t\t\t\t\t\t\t\t\t\t\t<!-- video button 2 -->\r\n\t\t\t\t\t\t\t\t\t\t\t\t\r\n\t\t\t\t\t\t\t\t\t\t\t\t<!-- Circle video button Style -->\r\n\t\t\t\t\t\t\t\t\t\t\t\t\t\t\t\t\t\t\t\t\t\t\t\t\r\n\t\t\t\t\t\t\t\t\t\t\t<\/div>\r\n\t\t\t\t\t\t\t\t\t\t<\/div>\r\n\t\t\t\t\t\t\t\t\t<\/div>\r\n\t\t\t\t\t\t\t\t\t<!-- social -->\r\n\t\t\t\t\t\t\t\t\t<!-- social -->\r\n\t\t\t\t\t\t\t\t\t\t\t\t\t\t\t\t\t\t\r\n\t\t\t\t\t\t\t\t<\/div>\r\n\t\t\t\t\t\t\t\t\t\r\n\t\t\t\t\t\t\t\t<!-- slider thumb image -->\r\n\t\t\t\t\t\t\t\t\r\n\t\t\t\t\t\t\t\t<!-- video icon -->\r\n\t\t\t\t\t\t\t\t\t\t\t\t\t\t\t\t\t\t\r\n\t\t\t\t\t\t\t<\/div>\r\n\t\t\t\t\t\t<\/div>\r\n\t\t\t\t\t  \r\n\t\t\t\t\t\t\t\t\r\n\t\t\t\t\t    <div class=\"swiper-slide txbdslider d1 t1 m1\"  style=\"background-image:url(http:\/\/elevatecompetences.com\/wp-content\/uploads\/2025\/11\/vitaly-gariev-X1IqW2Zu0Lo-unsplash-scaled-e1764086624649.jpg);\">\r\n\t\t\t\t\t\t\t<!-- witr_show_animate -->\r\n\t\t\t\t\t\t\t\t\t\t\t\t\t\t<div class=\"witr_sw_text_area witr_swiper_height text-center\">\r\n\t\t\t\t\t\t\t\t<div class=\"witr_swiper_content\">\r\n\t\t\t\t\t\t\t\t\t\t\t\t\t\t\t\t\t\r\n\t\t\t\t\t\t\t\t\t<!-- title -->\r\n\t\t\t\t\t\t\t\t\t\t\t\t\t\t\t\t\t\t\t<h1>Mejor resoluci\u00f3n de problemas y toma de decisiones:<\/h1>\r\n\t\t\t\t\t\t\t\t\t\t\t\t\t\t\t\t\t\t<!-- title 2 -->\r\n\t\t\t\t\t\t\t\t\t\t\t\t\t\t\t\t\t\t<!-- title 3 -->\r\n\t\t\t\t\t\t\t\t\t\t\t\t\t\t\t\t\t\t<!-- content -->\r\n\t\t\t\t\t\t\t\t\t\t\t\t\t\t\t\t\t\t\t<p>Las diferencias de perspectiva fomentan un an\u00e1lisis m\u00e1s profundo y mejores decisiones (Stahl et al., 2010; Simons et al., 1999; Hofhuis et al., 2012).\n<\/p>\r\n\t\t\t\t\t\t\t\t\t\t\t\t\t\t\t\t\t\t\t\t\t\t\r\n\t\t\t\t\t\t\t\t\t<!-- inner title -->\r\n\t\t\t\t\t\t\t\t\t\r\n\t\t\t\t\t\t\t\t\t<!-- btn gradient style -->\r\n\t\t\t\t\t\t\t\t\t<div class=\"slider_btn\">\r\n\t\t\t\t\t\t\t\t\t\t<div class=\"witr_btn_style\">\r\n\t\t\t\t\t\t\t\t\t\t\t<div class=\"witr_btn_sinner\">\r\n\t\t\t\t\t\t\t\t\t\t\t\t<!-- button -->\r\n\t\t\t\t\t\t\t\t\t\t\t\t\r\n\t\t\t\t\t\t\t\t\t\t\t\t<!-- video button 2 -->\r\n\t\t\t\t\t\t\t\t\t\t\t\t\r\n\t\t\t\t\t\t\t\t\t\t\t\t<!-- Circle video button Style -->\r\n\t\t\t\t\t\t\t\t\t\t\t\t\t\t\t\t\t\t\t\t\t\t\t\t\r\n\t\t\t\t\t\t\t\t\t\t\t<\/div>\r\n\t\t\t\t\t\t\t\t\t\t<\/div>\r\n\t\t\t\t\t\t\t\t\t<\/div>\r\n\t\t\t\t\t\t\t\t\t<!-- social -->\r\n\t\t\t\t\t\t\t\t\t<!-- social -->\r\n\t\t\t\t\t\t\t\t\t\t\t\t\t\t\t\t\t\t\r\n\t\t\t\t\t\t\t\t<\/div>\r\n\t\t\t\t\t\t\t\t\t\r\n\t\t\t\t\t\t\t\t<!-- slider thumb image -->\r\n\t\t\t\t\t\t\t\t\r\n\t\t\t\t\t\t\t\t<!-- video icon -->\r\n\t\t\t\t\t\t\t\t\t\t\t\t\t\t\t\t\t\t\r\n\t\t\t\t\t\t\t<\/div>\r\n\t\t\t\t\t\t<\/div>\r\n\t\t\t\t\t  \r\n\t\t\t\t\t\t\t\t\r\n\t\t\t\t\t    <div class=\"swiper-slide txbdslider d1 t1 m1\"  style=\"background-image:url(http:\/\/elevatecompetences.com\/wp-content\/uploads\/2025\/10\/pexels-fauxels-3182750-scaled.jpg);\">\r\n\t\t\t\t\t\t\t<!-- witr_show_animate -->\r\n\t\t\t\t\t\t\t\t\t\t\t\t\t\t<div class=\"witr_sw_text_area witr_swiper_height text-center\">\r\n\t\t\t\t\t\t\t\t<div class=\"witr_swiper_content\">\r\n\t\t\t\t\t\t\t\t\t\t\t\t\t\t\t\t\t\r\n\t\t\t\t\t\t\t\t\t<!-- title -->\r\n\t\t\t\t\t\t\t\t\t\t\t\t\t\t\t\t\t\t\t<h1>Cohesi\u00f3n social:<\/h1>\r\n\t\t\t\t\t\t\t\t\t\t\t\t\t\t\t\t\t\t<!-- title 2 -->\r\n\t\t\t\t\t\t\t\t\t\t\t\t\t\t\t\t\t\t<!-- title 3 -->\r\n\t\t\t\t\t\t\t\t\t\t\t\t\t\t\t\t\t\t<!-- content -->\r\n\t\t\t\t\t\t\t\t\t\t\t\t\t\t\t\t\t\t\t<p>La exposici\u00f3n a diferentes perspectivas fomenta la tolerancia y la inclusi\u00f3n (Allport, 1954; Pettigrew y Tropp, 2006).<\/p>\r\n\t\t\t\t\t\t\t\t\t\t\t\t\t\t\t\t\t\t\t\t\t\t\r\n\t\t\t\t\t\t\t\t\t<!-- inner title -->\r\n\t\t\t\t\t\t\t\t\t\r\n\t\t\t\t\t\t\t\t\t<!-- btn gradient style -->\r\n\t\t\t\t\t\t\t\t\t<div class=\"slider_btn\">\r\n\t\t\t\t\t\t\t\t\t\t<div class=\"witr_btn_style\">\r\n\t\t\t\t\t\t\t\t\t\t\t<div class=\"witr_btn_sinner\">\r\n\t\t\t\t\t\t\t\t\t\t\t\t<!-- button -->\r\n\t\t\t\t\t\t\t\t\t\t\t\t\r\n\t\t\t\t\t\t\t\t\t\t\t\t<!-- video button 2 -->\r\n\t\t\t\t\t\t\t\t\t\t\t\t\r\n\t\t\t\t\t\t\t\t\t\t\t\t<!-- Circle video button Style -->\r\n\t\t\t\t\t\t\t\t\t\t\t\t\t\t\t\t\t\t\t\t\t\t\t\t\r\n\t\t\t\t\t\t\t\t\t\t\t<\/div>\r\n\t\t\t\t\t\t\t\t\t\t<\/div>\r\n\t\t\t\t\t\t\t\t\t<\/div>\r\n\t\t\t\t\t\t\t\t\t<!-- social -->\r\n\t\t\t\t\t\t\t\t\t<!-- social -->\r\n\t\t\t\t\t\t\t\t\t\t\t\t\t\t\t\t\t\t\r\n\t\t\t\t\t\t\t\t<\/div>\r\n\t\t\t\t\t\t\t\t\t\r\n\t\t\t\t\t\t\t\t<!-- slider thumb image -->\r\n\t\t\t\t\t\t\t\t\r\n\t\t\t\t\t\t\t\t<!-- video icon -->\r\n\t\t\t\t\t\t\t\t\t\t\t\t\t\t\t\t\t\t\r\n\t\t\t\t\t\t\t<\/div>\r\n\t\t\t\t\t\t<\/div>\r\n\t\t\t\t\t  \r\n\t\t\t\t\t\t\t\t\r\n\t\t\t\t\t    <div class=\"swiper-slide txbdslider d1 t1 m1\"  style=\"background-image:url(http:\/\/elevatecompetences.com\/wp-content\/uploads\/2025\/10\/pexels-canvastudio-3194524-scaled.jpg);\">\r\n\t\t\t\t\t\t\t<!-- witr_show_animate -->\r\n\t\t\t\t\t\t\t\t\t\t\t\t\t\t<div class=\"witr_sw_text_area witr_swiper_height text-center\">\r\n\t\t\t\t\t\t\t\t<div class=\"witr_swiper_content\">\r\n\t\t\t\t\t\t\t\t\t\t\t\t\t\t\t\t\t\r\n\t\t\t\t\t\t\t\t\t<!-- title -->\r\n\t\t\t\t\t\t\t\t\t\t\t\t\t\t\t\t\t\t\t<h1>Aprendizaje y desarrollo:<\/h1>\r\n\t\t\t\t\t\t\t\t\t\t\t\t\t\t\t\t\t\t<!-- title 2 -->\r\n\t\t\t\t\t\t\t\t\t\t\t\t\t\t\t\t\t\t<!-- title 3 -->\r\n\t\t\t\t\t\t\t\t\t\t\t\t\t\t\t\t\t\t<!-- content -->\r\n\t\t\t\t\t\t\t\t\t\t\t\t\t\t\t\t\t\t\t<p>Trabajar entre culturas mejora la comunicaci\u00f3n, la colaboraci\u00f3n y la empat\u00eda (Stahl et al., 2010; Edmondson & Harvey, 2018).<\/p>\r\n\t\t\t\t\t\t\t\t\t\t\t\t\t\t\t\t\t\t\t\t\t\t\r\n\t\t\t\t\t\t\t\t\t<!-- inner title -->\r\n\t\t\t\t\t\t\t\t\t\r\n\t\t\t\t\t\t\t\t\t<!-- btn gradient style -->\r\n\t\t\t\t\t\t\t\t\t<div class=\"slider_btn\">\r\n\t\t\t\t\t\t\t\t\t\t<div class=\"witr_btn_style\">\r\n\t\t\t\t\t\t\t\t\t\t\t<div class=\"witr_btn_sinner\">\r\n\t\t\t\t\t\t\t\t\t\t\t\t<!-- button -->\r\n\t\t\t\t\t\t\t\t\t\t\t\t\r\n\t\t\t\t\t\t\t\t\t\t\t\t<!-- video button 2 -->\r\n\t\t\t\t\t\t\t\t\t\t\t\t\r\n\t\t\t\t\t\t\t\t\t\t\t\t<!-- Circle video button Style -->\r\n\t\t\t\t\t\t\t\t\t\t\t\t\t\t\t\t\t\t\t\t\t\t\t\t\r\n\t\t\t\t\t\t\t\t\t\t\t<\/div>\r\n\t\t\t\t\t\t\t\t\t\t<\/div>\r\n\t\t\t\t\t\t\t\t\t<\/div>\r\n\t\t\t\t\t\t\t\t\t<!-- social -->\r\n\t\t\t\t\t\t\t\t\t<!-- social -->\r\n\t\t\t\t\t\t\t\t\t\t\t\t\t\t\t\t\t\t\r\n\t\t\t\t\t\t\t\t<\/div>\r\n\t\t\t\t\t\t\t\t\t\r\n\t\t\t\t\t\t\t\t<!-- slider thumb image -->\r\n\t\t\t\t\t\t\t\t\r\n\t\t\t\t\t\t\t\t<!-- video icon -->\r\n\t\t\t\t\t\t\t\t\t\t\t\t\t\t\t\t\t\t\r\n\t\t\t\t\t\t\t<\/div>\r\n\t\t\t\t\t\t<\/div>\r\n\t\t\t\t\t  \r\n\t\t\t\t\t\t\t\t\r\n\t\t\t\t\t    <div class=\"swiper-slide txbdslider d1 t1 m1\"  style=\"background-image:url(http:\/\/elevatecompetences.com\/wp-content\/uploads\/2025\/10\/priscilla-du-preez-NjirplnVra8-unsplash-scaled.jpg);\">\r\n\t\t\t\t\t\t\t<!-- witr_show_animate -->\r\n\t\t\t\t\t\t\t\t\t\t\t\t\t\t<div class=\"witr_sw_text_area witr_swiper_height text-center\">\r\n\t\t\t\t\t\t\t\t<div class=\"witr_swiper_content\">\r\n\t\t\t\t\t\t\t\t\t\t\t\t\t\t\t\t\t\r\n\t\t\t\t\t\t\t\t\t<!-- title -->\r\n\t\t\t\t\t\t\t\t\t\t\t\t\t\t\t\t\t\t\t<h1>Una visi\u00f3n m\u00e1s amplia del mercado<\/h1>\r\n\t\t\t\t\t\t\t\t\t\t\t\t\t\t\t\t\t\t<!-- title 2 -->\r\n\t\t\t\t\t\t\t\t\t\t\t\t\t\t\t\t\t\t<!-- title 3 -->\r\n\t\t\t\t\t\t\t\t\t\t\t\t\t\t\t\t\t\t<!-- content -->\r\n\t\t\t\t\t\t\t\t\t\t\t\t\t\t\t\t\t\t\t<p>La diversidad cultural mejora la orientaci\u00f3n al cliente y la comprensi\u00f3n internacional (Fern\u00e1ndez y Kim, 2004).<\/p>\r\n\t\t\t\t\t\t\t\t\t\t\t\t\t\t\t\t\t\t\t\t\t\t\r\n\t\t\t\t\t\t\t\t\t<!-- inner title -->\r\n\t\t\t\t\t\t\t\t\t\r\n\t\t\t\t\t\t\t\t\t<!-- btn gradient style -->\r\n\t\t\t\t\t\t\t\t\t<div class=\"slider_btn\">\r\n\t\t\t\t\t\t\t\t\t\t<div class=\"witr_btn_style\">\r\n\t\t\t\t\t\t\t\t\t\t\t<div class=\"witr_btn_sinner\">\r\n\t\t\t\t\t\t\t\t\t\t\t\t<!-- button -->\r\n\t\t\t\t\t\t\t\t\t\t\t\t\r\n\t\t\t\t\t\t\t\t\t\t\t\t<!-- video button 2 -->\r\n\t\t\t\t\t\t\t\t\t\t\t\t\r\n\t\t\t\t\t\t\t\t\t\t\t\t<!-- Circle video button Style -->\r\n\t\t\t\t\t\t\t\t\t\t\t\t\t\t\t\t\t\t\t\t\t\t\t\t\r\n\t\t\t\t\t\t\t\t\t\t\t<\/div>\r\n\t\t\t\t\t\t\t\t\t\t<\/div>\r\n\t\t\t\t\t\t\t\t\t<\/div>\r\n\t\t\t\t\t\t\t\t\t<!-- social -->\r\n\t\t\t\t\t\t\t\t\t<!-- social -->\r\n\t\t\t\t\t\t\t\t\t\t\t\t\t\t\t\t\t\t\r\n\t\t\t\t\t\t\t\t<\/div>\r\n\t\t\t\t\t\t\t\t\t\r\n\t\t\t\t\t\t\t\t<!-- slider thumb image -->\r\n\t\t\t\t\t\t\t\t\r\n\t\t\t\t\t\t\t\t<!-- video icon -->\r\n\t\t\t\t\t\t\t\t\t\t\t\t\t\t\t\t\t\t\r\n\t\t\t\t\t\t\t<\/div>\r\n\t\t\t\t\t\t<\/div>\r\n\t\t\t\t\t  \r\n\t\t\t\t\t\t\t\t\t\t\t\r\n\t\t\t\t\t<\/div>\r\n\t\t\t\t\t<!-- Add Pagination -->\r\n\t\t\t\t\t<div class=\"swiper-scrollbar\"><\/div>\r\n\t\t\t\t\t<div class=\"swiper-pagination\"><\/div>\r\n\t\t\t\t\t<div class=\"swiper-button-next\"><\/div>\r\n\t\t\t\t\t<div class=\"swiper-button-prev\"><\/div>\t\t\t\t\t\r\n\t\t\t\t<\/div>\r\n\t\t\t<\/div>\t\t\r\n\t\t\r\n\r\n\t\t\t<script type='text\/javascript'>\r\n\t\t\t\tjQuery(function($){\r\n\r\n\t\t\t\t\tnew Swiper('.witr_active_id5', {\r\n\t\t\t\t\t\t  effect: 'coverflow',\r\n\t\t\t\t\t\t  centeredSlides: true,\r\n\t\t\t\t\t\t  coverflowEffect: {\r\n\t\t\t\t\t\t\trotate: 50,\r\n\t\t\t\t\t\t\tstretch: 5,\r\n\t\t\t\t\t\t\tdepth: 100,\r\n\t\t\t\t\t\t\tmodifier: 1,\r\n\t\t\t\t\t\t\tslideShadows: true,\r\n\t\t\t\t\t\t  },\r\n\t\t\t\t\t\tgrabCursor: false,\r\n\t\t\t\t\t\tspeed: 2000,\r\n\t\t\t\t\t\tdirection: 'horizontal',\r\n\t\t\t\t\t\t\t\t\t\t\t\t\tslidesPerView: 3,\r\n\t\t\t\t\t\t\t\t\t\t\t\t\t\t\t\t\t\t\tspaceBetween: 20,\r\n\t\t\t\t\t\t\t\t\t\t\t\tfreeMode: false,\r\n\t\t\t\t\t\tmousewheel: false,\r\n\t\t\t\t\t\tkeyboard: false,\r\n\t\t\t\t\t\tloop: false,\r\n\t\t\t\t\t\t\t\t\t\t\t\tautoplay: {\r\n\t\t\t\t\t\t\tdelay: 8000,\t\t\t\t\t\t\t\t  \r\n\t\t\t\t\t\t\tdisableOnInteraction: false,\r\n\t\t\t\t\t\t},\r\n\t\t\t\t\t\t  pagination: {\r\n\t\t\t\t\t\t\tel: '.swiper-pagination',\r\n\t\t\t\t\t\t\tclickable: true,\r\n\t\t\t\t\t\t\tfalse: 'progressbar',\r\n\t\t\t\t\t\t  },\r\n\t\t\t\t\t\t  navigation: {\r\n\t\t\t\t\t\t\tnextEl: '.swiper-button-next',\r\n\t\t\t\t\t\t\tprevEl: '.swiper-button-prev',\r\n\t\t\t\t\t\t  },\r\n\t\t\t\t\t\t  scrollbar: {\r\n\t\t\t\t\t\t\tel: '.scrollbar_false',\r\n\t\t\t\t\t\t\thide: true,\r\n\t\t\t\t\t\t  },\r\n \r\n\t\t\t\t\t\t  \r\n \r\n\t\t\t\t\t\t  \r\n\t\t\t\t\t});\r\n\r\n\t\t\t\t});\t\t\t\t\t\t\r\n\t\t\t\t\r\n\t\t\t<\/script>\t\t\t\t\t\t\t\r\n\t\t\t\t\t\t<\/div>\n\t\t\t\t<\/div>\n\t\t\t\t<\/div>\n\t\t\t\t<\/div>\n\t\t\t\t\t<\/div>\n\t\t\t\t<\/div>\n\t\t<div class=\"elementor-element elementor-element-ebd23e7 e-flex e-con-boxed e-con e-parent\" data-id=\"ebd23e7\" data-element_type=\"container\" data-e-type=\"container\">\n\t\t\t\t\t<div class=\"e-con-inner\">\n\t\t<div class=\"elementor-element elementor-element-2293c63 e-con-full e-flex e-con e-child\" data-id=\"2293c63\" data-element_type=\"container\" data-e-type=\"container\">\n\t\t\t\t<div class=\"elementor-element elementor-element-3d5b8a7 elementor-widget elementor-widget-text-editor\" data-id=\"3d5b8a7\" data-element_type=\"widget\" data-e-type=\"widget\" data-widget_type=\"text-editor.default\">\n\t\t\t\t<div class=\"elementor-widget-container\">\n\t\t\t\t\t\t\t\t\t<p>Con todo, la investigaci\u00f3n tambi\u00e9n destaca que la diversidad puede ser un \u00abarma de doble filo\u00bb (Stahl y Tung, 2015). Sin un liderazgo integrador y una colaboraci\u00f3n eficaz, los equipos diversos pueden experimentar barreras de comunicaci\u00f3n, conflictos y una cohesi\u00f3n reducida. La diferencia entre el \u00e9xito y el fracaso radica en c\u00f3mo se gestiona la diversidad.<\/p><p><span style=\"font-weight: 400;\">Un importante estudio del BCG Henderson Institute (Harnoss et al., 2022) concluy\u00f3 que las empresas son innovadoras porque son diversas, y no al rev\u00e9s. Los resultados globales de su <\/span><span style=\"font-weight: 400;\">trabajo <\/span><span style=\"font-weight: 400;\">muestran que las empresas m\u00e1s innovadoras eran mucho m\u00e1s diversas que las dem\u00e1s, <\/span><span style=\"font-weight: 400;\">muchos a\u00f1os antes <\/span><span style=\"font-weight: 400;\">desde hac\u00eda a\u00f1os<\/span><span style=\"font-weight: 400;\">,<\/span><span style=\"font-weight: 400;\">. La diversidad debe considerarse un motor de la innovaci\u00f3n, no s\u00f3lo un <\/span><span style=\"font-weight: 400;\">indicador de \u00e9xito.<\/span><\/p><p><span style=\"font-weight: 400;\">Por \u00faltimo, Ely y Thomas (2021) nos recuerdan que la diversidad no deber\u00eda necesitar una justificaci\u00f3n constante a trav\u00e9s de los resultados financieros. La verdadera inclusi\u00f3n significa valorar a las personas por lo que son y no por el beneficio que puedan aportar. Como ellos dicen,\u00a0<\/span><span style=\"font-weight: 400;\">\u00bfpor qu\u00e9 alguien necesitar\u00eda un argumento econ\u00f3mico para reconocer la capacidad de actuar y la dignidad de cualquier grupo de seres humanos?\u201d <\/span><span style=\"font-weight: 400;\">(Ely &amp; Thomas, 2021).<\/span><\/p>\t\t\t\t\t\t\t\t<\/div>\n\t\t\t\t<\/div>\n\t\t\t\t<\/div>\n\t\t\t\t<div class=\"elementor-element elementor-element-98a736d elementor-widget elementor-widget-spacer\" data-id=\"98a736d\" data-element_type=\"widget\" data-e-type=\"widget\" data-widget_type=\"spacer.default\">\n\t\t\t\t<div class=\"elementor-widget-container\">\n\t\t\t\t\t\t\t<div class=\"elementor-spacer\">\n\t\t\t<div class=\"elementor-spacer-inner\"><\/div>\n\t\t<\/div>\n\t\t\t\t\t\t<\/div>\n\t\t\t\t<\/div>\n\t\t\t\t\t<\/div>\n\t\t\t\t<\/div>\n\t\t<div class=\"elementor-element elementor-element-01c361a e-flex e-con-boxed e-con e-parent\" data-id=\"01c361a\" data-element_type=\"container\" data-e-type=\"container\">\n\t\t\t\t\t<div class=\"e-con-inner\">\n\t\t<div class=\"elementor-element elementor-element-a911d99 e-flex e-con-boxed e-con e-child\" data-id=\"a911d99\" data-element_type=\"container\" data-e-type=\"container\" data-settings=\"{&quot;background_background&quot;:&quot;classic&quot;}\">\n\t\t\t\t\t<div class=\"e-con-inner\">\n\t\t\t\t\t<\/div>\n\t\t\t\t<\/div>\n\t\t<div class=\"elementor-element elementor-element-c522dad e-con-full e-flex e-con e-child\" data-id=\"c522dad\" data-element_type=\"container\" data-e-type=\"container\">\n\t\t\t\t<div class=\"elementor-element elementor-element-956e073 elementor-widget elementor-widget-text-editor\" data-id=\"956e073\" data-element_type=\"widget\" data-e-type=\"widget\" data-widget_type=\"text-editor.default\">\n\t\t\t\t<div class=\"elementor-widget-container\">\n\t\t\t\t\t\t\t\t\t<p>En resumen,<i> <strong>la diversidad es importante m\u00e1s all\u00e1 del caso empresarial porque fortalece nuestras organizaciones y nuestras comunidades<\/strong><\/i>. Se trata de aprendizaje, creatividad y humanidad compartida, no s\u00f3lo de resultados. Un liderazgo y una gesti\u00f3n eficaces implican crear espacios en los que diferentes perspectivas puedan conectar, aprender y crecer juntas.<\/p>\t\t\t\t\t\t\t\t<\/div>\n\t\t\t\t<\/div>\n\t\t\t\t<\/div>\n\t\t\t\t\t<\/div>\n\t\t\t\t<\/div>\n\t\t<div class=\"elementor-element elementor-element-81bb2e6 e-flex e-con-boxed e-con e-parent\" data-id=\"81bb2e6\" data-element_type=\"container\" data-e-type=\"container\">\n\t\t\t\t\t<div class=\"e-con-inner\">\n\t\t\t\t<div class=\"elementor-element elementor-element-6e9c0da elementor-widget elementor-widget-spacer\" data-id=\"6e9c0da\" data-element_type=\"widget\" data-e-type=\"widget\" data-widget_type=\"spacer.default\">\n\t\t\t\t<div class=\"elementor-widget-container\">\n\t\t\t\t\t\t\t<div class=\"elementor-spacer\">\n\t\t\t<div class=\"elementor-spacer-inner\"><\/div>\n\t\t<\/div>\n\t\t\t\t\t\t<\/div>\n\t\t\t\t<\/div>\n\t\t\t\t\t<\/div>\n\t\t\t\t<\/div>\n\t\t<div class=\"elementor-element elementor-element-69a610e e-flex e-con-boxed e-con e-parent\" data-id=\"69a610e\" data-element_type=\"container\" data-e-type=\"container\">\n\t\t\t\t\t<div class=\"e-con-inner\">\n\t\t<div class=\"elementor-element elementor-element-676ec8c e-con-full e-flex e-con e-child\" data-id=\"676ec8c\" data-element_type=\"container\" data-e-type=\"container\">\n\t\t\t\t<div class=\"elementor-element elementor-element-9007f6c elementor-widget elementor-widget-heading\" data-id=\"9007f6c\" data-element_type=\"widget\" data-e-type=\"widget\" data-widget_type=\"heading.default\">\n\t\t\t\t<div class=\"elementor-widget-container\">\n\t\t\t\t\t<h2 class=\"elementor-heading-title elementor-size-default\">Por qu\u00e9 utilizar esta herramienta de autoevaluaci\u00f3n y c\u00f3mo funciona<\/h2>\t\t\t\t<\/div>\n\t\t\t\t<\/div>\n\t\t\t\t<\/div>\n\t\t<div class=\"elementor-element elementor-element-7ae41ae e-con-full e-flex e-con e-child\" data-id=\"7ae41ae\" data-element_type=\"container\" data-e-type=\"container\">\n\t\t\t\t<div class=\"elementor-element elementor-element-3a9e3cd elementor-widget__width-inherit elementor-widget elementor-widget-text-editor\" data-id=\"3a9e3cd\" data-element_type=\"widget\" data-e-type=\"widget\" data-widget_type=\"text-editor.default\">\n\t\t\t\t<div class=\"elementor-widget-container\">\n\t\t\t\t\t\t\t\t\t<p>Esta herramienta ofrece una forma estructurada de:<\/p><ul><li>Mapear la realidad actual de su organizaci\u00f3n<\/li><li>Identificar las pr\u00e1cticas y mentalidades existentes<\/li><li>Determinar sus \u00e1reas de crecimiento<\/li><li>Reflexionar cr\u00edticamente y planificar la mejora<\/li><li>Iniciar un debate y un viaje con los grupos de inter\u00e9s pertinentes de su empresa<\/li><\/ul>\t\t\t\t\t\t\t\t<\/div>\n\t\t\t\t<\/div>\n\t\t\t\t<\/div>\n\t\t<div class=\"elementor-element elementor-element-a991ad6 e-con-full e-flex e-con e-child\" data-id=\"a991ad6\" data-element_type=\"container\" data-e-type=\"container\">\n\t\t\t\t<div class=\"elementor-element elementor-element-304e232 elementor-widget elementor-widget-text-editor\" data-id=\"304e232\" data-element_type=\"widget\" data-e-type=\"widget\" data-widget_type=\"text-editor.default\">\n\t\t\t\t<div class=\"elementor-widget-container\">\n\t\t\t\t\t\t\t\t\t<p>Es un <strong>punto de partida<\/strong> para un viaje de aprendizaje y desarrollo continuos. Cada organizaci\u00f3n opera en su propio entorno, y esta herramienta es una invitaci\u00f3n a examinar m\u00e1s de cerca c\u00f3mo gestiona y aprovecha sus realidades culturales \u00fanicas.<\/p>\t\t\t\t\t\t\t\t<\/div>\n\t\t\t\t<\/div>\n\t\t\t\t<\/div>\n\t\t\t\t\t<\/div>\n\t\t\t\t<\/div>\n\t\t<div class=\"elementor-element elementor-element-4b8e5ab e-flex e-con-boxed e-con e-parent\" data-id=\"4b8e5ab\" data-element_type=\"container\" data-e-type=\"container\">\n\t\t\t\t\t<div class=\"e-con-inner\">\n\t\t\t\t<div class=\"elementor-element elementor-element-18274e2 elementor-widget elementor-widget-spacer\" data-id=\"18274e2\" data-element_type=\"widget\" data-e-type=\"widget\" data-widget_type=\"spacer.default\">\n\t\t\t\t<div class=\"elementor-widget-container\">\n\t\t\t\t\t\t\t<div class=\"elementor-spacer\">\n\t\t\t<div class=\"elementor-spacer-inner\"><\/div>\n\t\t<\/div>\n\t\t\t\t\t\t<\/div>\n\t\t\t\t<\/div>\n\t\t\t\t\t<\/div>\n\t\t\t\t<\/div>\n\t\t<div class=\"elementor-element elementor-element-94dab6f e-flex e-con-boxed e-con e-parent\" data-id=\"94dab6f\" data-element_type=\"container\" data-e-type=\"container\">\n\t\t\t\t\t<div class=\"e-con-inner\">\n\t\t<div class=\"elementor-element elementor-element-660a894 e-grid e-con-full e-con e-child\" data-id=\"660a894\" data-element_type=\"container\" data-e-type=\"container\">\n\t\t\t\t<div class=\"elementor-element elementor-element-2e4f91b elementor-widget__width-inherit elementor-widget elementor-widget-heading\" data-id=\"2e4f91b\" data-element_type=\"widget\" data-e-type=\"widget\" data-widget_type=\"heading.default\">\n\t\t\t\t<div class=\"elementor-widget-container\">\n\t\t\t\t\t<h2 class=\"elementor-heading-title elementor-size-default\">QU\u00c9 ESPERAR<\/h2>\t\t\t\t<\/div>\n\t\t\t\t<\/div>\n\t\t\t\t<div class=\"elementor-element elementor-element-ba5b89e elementor-widget elementor-widget-text-editor\" data-id=\"ba5b89e\" data-element_type=\"widget\" data-e-type=\"widget\" data-widget_type=\"text-editor.default\">\n\t\t\t\t<div class=\"elementor-widget-container\">\n\t\t\t\t\t\t\t\t\t<p>Nuestra herramienta se basa en la investigaci\u00f3n pr\u00e1ctica y se centra en<strong> tres categor\u00edas b\u00e1sicas<\/strong>, cada una con sus propias subcategor\u00edas:<\/p>\t\t\t\t\t\t\t\t<\/div>\n\t\t\t\t<\/div>\n\t\t\t\t<\/div>\n\t\t<div class=\"elementor-element elementor-element-21f6df6 e-con-full e-flex e-con e-child\" data-id=\"21f6df6\" data-element_type=\"container\" data-e-type=\"container\">\n\t\t\t\t<div class=\"elementor-element elementor-element-f51b2cd elementor-arrows-position-inside elementor-pagination-position-outside elementor-widget elementor-widget-image-carousel\" data-id=\"f51b2cd\" data-element_type=\"widget\" data-e-type=\"widget\" data-settings=\"{&quot;slides_to_show&quot;:&quot;1&quot;,&quot;autoplay_speed&quot;:3000,&quot;effect&quot;:&quot;fade&quot;,&quot;navigation&quot;:&quot;both&quot;,&quot;autoplay&quot;:&quot;yes&quot;,&quot;pause_on_interaction&quot;:&quot;yes&quot;,&quot;infinite&quot;:&quot;yes&quot;,&quot;speed&quot;:500}\" data-widget_type=\"image-carousel.default\">\n\t\t\t\t<div class=\"elementor-widget-container\">\n\t\t\t\t\t\t\t<div class=\"elementor-image-carousel-wrapper swiper\" role=\"region\" aria-roledescription=\"carousel\" aria-label=\"Image Carousel\" dir=\"ltr\">\n\t\t\t<div class=\"elementor-image-carousel swiper-wrapper\" aria-live=\"off\">\n\t\t\t\t\t\t\t\t<div class=\"swiper-slide\" role=\"group\" aria-roledescription=\"slide\" aria-label=\"1 de 3\" data-no-translation-aria-label=\"\"><figure class=\"swiper-slide-inner\"><img decoding=\"async\" class=\"swiper-slide-image\" src=\"https:\/\/elevatecompetences.com\/wp-content\/uploads\/2026\/01\/2-1536x864.jpg\" alt=\"prop\u00f3sito elevate competences\" \/><\/figure><\/div><div class=\"swiper-slide\" role=\"group\" aria-roledescription=\"slide\" aria-label=\"2 de 3\" data-no-translation-aria-label=\"\"><figure class=\"swiper-slide-inner\"><img decoding=\"async\" class=\"swiper-slide-image\" src=\"https:\/\/elevatecompetences.com\/wp-content\/uploads\/2026\/01\/3-1536x864.jpg\" alt=\"proceso elevate competences\" \/><\/figure><\/div><div class=\"swiper-slide\" role=\"group\" aria-roledescription=\"slide\" aria-label=\"3 de 3\" data-no-translation-aria-label=\"\"><figure class=\"swiper-slide-inner\"><img decoding=\"async\" class=\"swiper-slide-image\" src=\"https:\/\/elevatecompetences.com\/wp-content\/uploads\/2026\/01\/6-1536x864.jpg\" alt=\"practica elevate competences\" \/><\/figure><\/div>\t\t\t<\/div>\n\t\t\t\t\t\t\t\t\t\t\t\t<div class=\"elementor-swiper-button elementor-swiper-button-prev\" role=\"button\" tabindex=\"0\">\n\t\t\t\t\t\t<i aria-hidden=\"true\" class=\"eicon-chevron-left\"><\/i>\t\t\t\t\t<\/div>\n\t\t\t\t\t<div class=\"elementor-swiper-button elementor-swiper-button-next\" role=\"button\" tabindex=\"0\">\n\t\t\t\t\t\t<i aria-hidden=\"true\" class=\"eicon-chevron-right\"><\/i>\t\t\t\t\t<\/div>\n\t\t\t\t\n\t\t\t\t\t\t\t\t\t<div class=\"swiper-pagination\"><\/div>\n\t\t\t\t\t\t\t\t\t<\/div>\n\t\t\t\t\t\t<\/div>\n\t\t\t\t<\/div>\n\t\t\t\t<\/div>\n\t\t\t\t\t<\/div>\n\t\t\t\t<\/div>\n\t\t<div class=\"elementor-element elementor-element-c332e50 e-flex e-con-boxed e-con e-parent\" data-id=\"c332e50\" data-element_type=\"container\" data-e-type=\"container\">\n\t\t\t\t\t<div class=\"e-con-inner\">\n\t\t\t\t<div class=\"elementor-element elementor-element-f82fe34 elementor-widget__width-inherit elementor-widget elementor-widget-text-editor\" data-id=\"f82fe34\" data-element_type=\"widget\" data-e-type=\"widget\" data-widget_type=\"text-editor.default\">\n\t\t\t\t<div class=\"elementor-widget-container\">\n\t\t\t\t\t\t\t\t\t<p data-start=\"109\" data-end=\"217\">Para cada subcategor\u00eda, evaluar\u00e1s el enfoque de tu organizaci\u00f3n a lo largo de tres etapas de desarrollo:<\/p>\t\t\t\t\t\t\t\t<\/div>\n\t\t\t\t<\/div>\n\t\t\t\t<div class=\"elementor-element elementor-element-4616a0f poket-star-rating--align-center elementor-widget elementor-widget-witr_section_feature\" data-id=\"4616a0f\" data-element_type=\"widget\" data-e-type=\"widget\" data-widget_type=\"witr_section_feature.default\">\n\t\t\t\t<div class=\"elementor-widget-container\">\n\t\t\t\t\t            <div class=\"sub-border-2 all_feature_color text-center\">                 \n\t\t\t\t<div class=\"sub-item\">\n\t\t\t\t\t<!-- number -->\n\t\t\t\t\t\t\t\t\t\t\t<span>01<\/span>\n\t\t\t\t\t\t\t\t\t\t\t\t\t\t\t\n\t\t\t\t\t<!-- icon -->\n\t\t\t\t\t\t\t\t\t\t<!-- custom icon -->\n\t\t\t\t\t\t\t\t\t\t\n\t\t\t\t\t<!-- image -->\n\t\t\t\t\t\t\n\t\t\t\t\t<!-- title -->\n\t\t\t\t\t\t\t\t\t\t\t\t\t\t\t<h3>Etapa: Reconocer <\/h3>\n\t\t\t\t\t\t\t\t\t\t\t\t\t\t\t<!-- content -->\n\t\t\t\t\t\t\t\t\t\t\t<p>La diversidad se percibe y se entiende principalmente como un desaf\u00edo que debe gestionarse. En esta etapa, tu organizaci\u00f3n reconoce y comprende que est\u00e1 compuesta por grupos diversos (por ejemplo, culturas nacionales, profesionales, generacionales, sectoriales, etc.). Esta diversidad suele verse como una fuente potencial de malentendidos y conflictos entre los grupos de inter\u00e9s internos y externos. <\/p>\t\t\n\t\t\t\t\t\t\t\t\t\t<!-- button -->\n\t\t\t\t\t\t\t\t\t<\/div> <!-- sub item -->\t\t   \n            <\/div> <!-- sub border -->\n\t\t\t\t\t\n\t\t\t\t\t\t<\/div>\n\t\t\t\t<\/div>\n\t\t\t\t<div class=\"elementor-element elementor-element-57792bd poket-star-rating--align-center elementor-widget elementor-widget-witr_section_feature\" data-id=\"57792bd\" data-element_type=\"widget\" data-e-type=\"widget\" data-widget_type=\"witr_section_feature.default\">\n\t\t\t\t<div class=\"elementor-widget-container\">\n\t\t\t\t\t            <div class=\"sub-border-2 all_feature_color text-center\">                 \n\t\t\t\t<div class=\"sub-item\">\n\t\t\t\t\t<!-- number -->\n\t\t\t\t\t\t\t\t\t\t\t<span>02<\/span>\n\t\t\t\t\t\t\t\t\t\t\t\t\t\t\t\n\t\t\t\t\t<!-- icon -->\n\t\t\t\t\t\t\t\t\t\t<!-- custom icon -->\n\t\t\t\t\t\t\t\t\t\t\n\t\t\t\t\t<!-- image -->\n\t\t\t\t\t\t\n\t\t\t\t\t<!-- title -->\n\t\t\t\t\t\t\t\t\t\t\t\t\t\t\t<h3>Etapa: Conectar <\/h3>\n\t\t\t\t\t\t\t\t\t\t\t\t\t\t\t<!-- content -->\n\t\t\t\t\t\t\t\t\t\t\t<p>La diversidad se considera una fuente de creatividad y las personas buscan activamente construir puentes. En esta etapa, tu organizaci\u00f3n reconoce que dentro de la empresa coexisten m\u00faltiples culturas. La diversidad cultural se percibe no solo como un desaf\u00edo, sino tambi\u00e9n como una valiosa oportunidad y una fuente de valor a\u00f1adido. Se entiende que las personas est\u00e1n dotadas de distintos tipos de conocimiento que, cuando se combinan, pueden dar lugar a soluciones creativas e innovadoras. <\/p>\t\t\n\t\t\t\t\t\t\t\t\t\t<!-- button -->\n\t\t\t\t\t\t\t\t\t<\/div> <!-- sub item -->\t\t   \n            <\/div> <!-- sub border -->\n\t\t\t\t\t\n\t\t\t\t\t\t<\/div>\n\t\t\t\t<\/div>\n\t\t\t\t<div class=\"elementor-element elementor-element-0f69083 elementor-widget__width-auto poket-star-rating--align-center elementor-widget elementor-widget-witr_section_feature\" data-id=\"0f69083\" data-element_type=\"widget\" data-e-type=\"widget\" data-widget_type=\"witr_section_feature.default\">\n\t\t\t\t<div class=\"elementor-widget-container\">\n\t\t\t\t\t            <div class=\"sub-border-2 all_feature_color text-center\">                 \n\t\t\t\t<div class=\"sub-item\">\n\t\t\t\t\t<!-- number -->\n\t\t\t\t\t\t\t\t\t\t\t<span>03<\/span>\n\t\t\t\t\t\t\t\t\t\t\t\t\t\t\t\n\t\t\t\t\t<!-- icon -->\n\t\t\t\t\t\t\t\t\t\t<!-- custom icon -->\n\t\t\t\t\t\t\t\t\t\t\n\t\t\t\t\t<!-- image -->\n\t\t\t\t\t\t\n\t\t\t\t\t<!-- title -->\n\t\t\t\t\t\t\t\t\t\t\t\t\t\t\t<h3>Etapa: Aprovechar <\/h3>\n\t\t\t\t\t\t\t\t\t\t\t\t\t\t\t<!-- content -->\n\t\t\t\t\t\t\t\t\t\t\t<p>La diversidad se valora plenamente y se utiliza como fuente de innovaci\u00f3n; las personas crean nuevas pr\u00e1cticas compartidas y generan significado com\u00fan entre culturas. En esta etapa, tu organizaci\u00f3n reconoce, acepta y valora plenamente las diferentes culturas (por ejemplo, culturas nacionales, profesionales, generacionales, sectoriales, etc.). Fomenta activamente la aparici\u00f3n de nuevas comunidades entre los distintos grupos de inter\u00e9s internos y externos, basadas en experiencias compartidas de sus miembros y reflejadas en la comprensi\u00f3n y la acci\u00f3n. Tu organizaci\u00f3n promueve un sentido de pertenencia y se implica de forma continua, aprendiendo de y conectando a trav\u00e9s de la diversidad cultural. <\/p>\t\t\n\t\t\t\t\t\t\t\t\t\t<!-- button -->\n\t\t\t\t\t\t\t\t\t<\/div> <!-- sub item -->\t\t   \n            <\/div> <!-- sub border -->\n\t\t\t\t\t\n\t\t\t\t\t\t<\/div>\n\t\t\t\t<\/div>\n\t\t\t\t<div class=\"elementor-element elementor-element-eb9d2b6 elementor-widget elementor-widget-spacer\" data-id=\"eb9d2b6\" data-element_type=\"widget\" data-e-type=\"widget\" data-widget_type=\"spacer.default\">\n\t\t\t\t<div class=\"elementor-widget-container\">\n\t\t\t\t\t\t\t<div class=\"elementor-spacer\">\n\t\t\t<div class=\"elementor-spacer-inner\"><\/div>\n\t\t<\/div>\n\t\t\t\t\t\t<\/div>\n\t\t\t\t<\/div>\n\t\t\t\t\t<\/div>\n\t\t\t\t<\/div>\n\t\t<div class=\"elementor-element elementor-element-33fb7bc e-flex e-con-boxed e-con e-parent\" data-id=\"33fb7bc\" data-element_type=\"container\" data-e-type=\"container\" data-settings=\"{&quot;background_background&quot;:&quot;classic&quot;}\">\n\t\t\t\t\t<div class=\"e-con-inner\">\n\t\t\t\t<div class=\"elementor-element elementor-element-4012291 elementor-widget elementor-widget-heading\" data-id=\"4012291\" data-element_type=\"widget\" data-e-type=\"widget\" data-widget_type=\"heading.default\">\n\t\t\t\t<div class=\"elementor-widget-container\">\n\t\t\t\t\t<h2 class=\"elementor-heading-title elementor-size-default\">Tu rol en este proceso<\/h2>\t\t\t\t<\/div>\n\t\t\t\t<\/div>\n\t\t\t\t<div class=\"elementor-element elementor-element-b8b82b9 elementor-widget elementor-widget-text-editor\" data-id=\"b8b82b9\" data-element_type=\"widget\" data-e-type=\"widget\" data-widget_type=\"text-editor.default\">\n\t\t\t\t<div class=\"elementor-widget-container\">\n\t\t\t\t\t\t\t\t\t<p data-start=\"178\" data-end=\"611\">Eres una persona comprometida o responsable de impulsar la diversidad en tu organizaci\u00f3n. Tu papel es facilitar y moderar este recorrido involucrando a las personas y departamentos adecuados en el uso de esta herramienta de autoevaluaci\u00f3n. Todas las instrucciones relativas a la introducci\u00f3n del proceso de autoevaluaci\u00f3n en la organizaci\u00f3n est\u00e1n disponibles en un manual para facilitadores que puedes descargar a continuaci\u00f3n.<\/p>\n<p data-start=\"613\" data-end=\"938\">Este proceso ser\u00e1 un punto de partida para un di\u00e1logo significativo y un crecimiento colectivo. Con esta herramienta podr\u00e1s demostrar que la diversidad no es solo una iniciativa de Recursos Humanos, sino una prioridad estrat\u00e9gica para toda la organizaci\u00f3n que refuerza la innovaci\u00f3n, la colaboraci\u00f3n y el \u00e9xito a largo plazo.<\/p>\t\t\t\t\t\t\t\t<\/div>\n\t\t\t\t<\/div>\n\t\t\t\t<div class=\"elementor-element elementor-element-62de4c2 elementor-widget elementor-widget-text-editor\" data-id=\"62de4c2\" data-element_type=\"widget\" data-e-type=\"widget\" data-widget_type=\"text-editor.default\">\n\t\t\t\t<div class=\"elementor-widget-container\">\n\t\t\t\t\t\t\t\t\t<p style=\"text-align: center;\" data-start=\"940\" data-end=\"1043\"><span style=\"color: #29668a;\"><strong data-start=\"940\" data-end=\"1043\">Empecemos juntos a dar forma a organizaciones m\u00e1s abiertas, inclusivas y preparadas para el futuro.<\/strong><\/span><\/p>\t\t\t\t\t\t\t\t<\/div>\n\t\t\t\t<\/div>\n\t\t<div class=\"elementor-element elementor-element-2b78430 e-con-full e-flex e-con e-child\" data-id=\"2b78430\" data-element_type=\"container\" data-e-type=\"container\">\n\t\t\t\t<div class=\"elementor-element elementor-element-8f75598 elementor-widget elementor-widget-image\" data-id=\"8f75598\" data-element_type=\"widget\" data-e-type=\"widget\" data-widget_type=\"image.default\">\n\t\t\t\t<div class=\"elementor-widget-container\">\n\t\t\t\t\t\t\t\t\t\t\t\t\t\t\t<img fetchpriority=\"high\" decoding=\"async\" width=\"1024\" height=\"121\" src=\"https:\/\/elevatecompetences.com\/wp-content\/uploads\/2025\/11\/self-assessment-tool-elevate-1024x121.jpg\" class=\"attachment-large size-large wp-image-10333\" alt=\"\" srcset=\"https:\/\/elevatecompetences.com\/wp-content\/uploads\/2025\/11\/self-assessment-tool-elevate-1024x121.jpg 1024w, https:\/\/elevatecompetences.com\/wp-content\/uploads\/2025\/11\/self-assessment-tool-elevate-300x35.jpg 300w, https:\/\/elevatecompetences.com\/wp-content\/uploads\/2025\/11\/self-assessment-tool-elevate-768x91.jpg 768w, https:\/\/elevatecompetences.com\/wp-content\/uploads\/2025\/11\/self-assessment-tool-elevate-1536x181.jpg 1536w, https:\/\/elevatecompetences.com\/wp-content\/uploads\/2025\/11\/self-assessment-tool-elevate-2048x241.jpg 2048w\" sizes=\"(max-width: 1024px) 100vw, 1024px\" \/>\t\t\t\t\t\t\t\t\t\t\t\t\t\t\t<\/div>\n\t\t\t\t<\/div>\n\t\t\t\t<div class=\"elementor-element elementor-element-3a354d3 elementor-widget elementor-widget-spacer\" data-id=\"3a354d3\" data-element_type=\"widget\" data-e-type=\"widget\" data-widget_type=\"spacer.default\">\n\t\t\t\t<div class=\"elementor-widget-container\">\n\t\t\t\t\t\t\t<div class=\"elementor-spacer\">\n\t\t\t<div class=\"elementor-spacer-inner\"><\/div>\n\t\t<\/div>\n\t\t\t\t\t\t<\/div>\n\t\t\t\t<\/div>\n\t\t\t\t<\/div>\n\t\t\t\t<div class=\"elementor-element elementor-element-7238d78 elementor-widget elementor-widget-heading\" data-id=\"7238d78\" data-element_type=\"widget\" data-e-type=\"widget\" data-widget_type=\"heading.default\">\n\t\t\t\t<div class=\"elementor-widget-container\">\n\t\t\t\t\t<h5 class=\"elementor-heading-title elementor-size-default\">\u00bfQu\u00e9 viene despu\u00e9s?<\/h5>\t\t\t\t<\/div>\n\t\t\t\t<\/div>\n\t\t\t\t<div class=\"elementor-element elementor-element-7b26526 elementor-widget elementor-widget-text-editor\" data-id=\"7b26526\" data-element_type=\"widget\" data-e-type=\"widget\" data-widget_type=\"text-editor.default\">\n\t\t\t\t<div class=\"elementor-widget-container\">\n\t\t\t\t\t\t\t\t\t<p data-start=\"1075\" data-end=\"1243\">Tras completar tu autoevaluaci\u00f3n, recomendamos organizar un taller conjunto con todas las partes interesadas relevantes. Revisad los resultados conjuntamente y debatid:<\/p>\t\t\t\t\t\t\t\t<\/div>\n\t\t\t\t<\/div>\n\t\t<div class=\"elementor-element elementor-element-1991602 e-grid e-con-boxed e-con e-child\" data-id=\"1991602\" data-element_type=\"container\" data-e-type=\"container\" data-settings=\"{&quot;background_background&quot;:&quot;classic&quot;}\">\n\t\t\t\t\t<div class=\"e-con-inner\">\n\t\t\t\t<div class=\"elementor-element elementor-element-7312242 elementor-widget elementor-widget-text-editor\" data-id=\"7312242\" data-element_type=\"widget\" data-e-type=\"widget\" data-widget_type=\"text-editor.default\">\n\t\t\t\t<div class=\"elementor-widget-container\">\n\t\t\t\t\t\t\t\t\t<p data-start=\"1247\" data-end=\"1284\">\u00bfD\u00f3nde nos encontramos actualmente?<\/p>\t\t\t\t\t\t\t\t<\/div>\n\t\t\t\t<\/div>\n\t\t\t\t<div class=\"elementor-element elementor-element-52fda47 elementor-widget elementor-widget-text-editor\" data-id=\"52fda47\" data-element_type=\"widget\" data-e-type=\"widget\" data-widget_type=\"text-editor.default\">\n\t\t\t\t<div class=\"elementor-widget-container\">\n\t\t\t\t\t\t\t\t\t<p data-start=\"1287\" data-end=\"1356\">\u00bfCu\u00e1les son los pr\u00f3ximos pasos m\u00e1s adecuados para seguir creciendo? \u00bfQu\u00e9 \u00e1reas necesitan mejorar?<\/p>\t\t\t\t\t\t\t\t<\/div>\n\t\t\t\t<\/div>\n\t\t\t\t<div class=\"elementor-element elementor-element-2d837a1 elementor-widget elementor-widget-text-editor\" data-id=\"2d837a1\" data-element_type=\"widget\" data-e-type=\"widget\" data-widget_type=\"text-editor.default\">\n\t\t\t\t<div class=\"elementor-widget-container\">\n\t\t\t\t\t\t\t\t\t<p data-start=\"1393\" data-end=\"1460\">\u00bfQu\u00e9 buenas pr\u00e1cticas ya existen y sobre las que podemos construir?<\/p><p data-start=\"1462\" data-end=\"1673\">\u00a0<\/p>\t\t\t\t\t\t\t\t<\/div>\n\t\t\t\t<\/div>\n\t\t\t\t\t<\/div>\n\t\t\t\t<\/div>\n\t\t\t\t<div class=\"elementor-element elementor-element-7586061 elementor-widget elementor-widget-text-editor\" data-id=\"7586061\" data-element_type=\"widget\" data-e-type=\"widget\" data-widget_type=\"text-editor.default\">\n\t\t\t\t<div class=\"elementor-widget-container\">\n\t\t\t\t\t\t\t\t\t<p>Para apoyar este proceso, hemos preparado una gu\u00eda de reflexi\u00f3n con preguntas que ayudan a identificar pasos concretos y accionables para la siguiente etapa de tu empresa en el avance hacia una mayor diversidad.<\/p>\t\t\t\t\t\t\t\t<\/div>\n\t\t\t\t<\/div>\n\t\t\t\t\t<\/div>\n\t\t\t\t<\/div>\n\t\t<div class=\"elementor-element elementor-element-0133126 e-grid e-con-full e-con e-parent\" data-id=\"0133126\" data-element_type=\"container\" data-e-type=\"container\" data-settings=\"{&quot;background_background&quot;:&quot;classic&quot;}\">\n\t\t<div class=\"elementor-element elementor-element-ab4d05b e-con-full e-flex e-con e-child\" data-id=\"ab4d05b\" data-element_type=\"container\" data-e-type=\"container\" data-settings=\"{&quot;background_background&quot;:&quot;classic&quot;}\">\n\t\t\t\t<\/div>\n\t\t<div class=\"elementor-element elementor-element-6d4a83d e-con-full e-flex e-con e-child\" data-id=\"6d4a83d\" data-element_type=\"container\" data-e-type=\"container\">\n\t\t\t\t<div class=\"elementor-element elementor-element-0e5b0ff elementor-widget elementor-widget-heading\" data-id=\"0e5b0ff\" data-element_type=\"widget\" data-e-type=\"widget\" data-widget_type=\"heading.default\">\n\t\t\t\t<div class=\"elementor-widget-container\">\n\t\t\t\t\t<h3 class=\"elementor-heading-title elementor-size-default\">\u00bfEres facilitador?<\/h3>\t\t\t\t<\/div>\n\t\t\t\t<\/div>\n\t\t\t\t<div class=\"elementor-element elementor-element-84836ff elementor-align-center elementor-widget elementor-widget-button\" data-id=\"84836ff\" data-element_type=\"widget\" data-e-type=\"widget\" data-widget_type=\"button.default\">\n\t\t\t\t<div class=\"elementor-widget-container\">\n\t\t\t\t\t\t\t\t\t<div class=\"elementor-button-wrapper\">\n\t\t\t\t\t<a class=\"elementor-button elementor-button-link elementor-size-sm\" href=\"http:\/\/elevatecompetences.com\/es\/download\/10281\/?tmstv=1761852463\">\n\t\t\t\t\t\t<span class=\"elementor-button-content-wrapper\">\n\t\t\t\t\t\t\t\t\t<span class=\"elementor-button-text\">Descargar manual<\/span>\n\t\t\t\t\t<\/span>\n\t\t\t\t\t<\/a>\n\t\t\t\t<\/div>\n\t\t\t\t\t\t\t\t<\/div>\n\t\t\t\t<\/div>\n\t\t\t\t<\/div>\n\t\t\t\t<\/div>\n\t\t<div class=\"elementor-element elementor-element-b98cbc9 e-flex e-con-boxed e-con e-parent\" data-id=\"b98cbc9\" data-element_type=\"container\" data-e-type=\"container\">\n\t\t\t\t\t<div class=\"e-con-inner\">\n\t\t\t\t<div class=\"elementor-element elementor-element-d48e08a elementor-widget elementor-widget-heading\" data-id=\"d48e08a\" data-element_type=\"widget\" data-e-type=\"widget\" data-widget_type=\"heading.default\">\n\t\t\t\t<div class=\"elementor-widget-container\">\n\t\t\t\t\t<h4 class=\"elementor-heading-title elementor-size-default\">Otros documentos de trabajo<\/h4>\t\t\t\t<\/div>\n\t\t\t\t<\/div>\n\t\t<div class=\"elementor-element elementor-element-8230e51 e-grid e-con-full e-con e-child\" data-id=\"8230e51\" data-element_type=\"container\" data-e-type=\"container\">\n\t\t\t\t<div class=\"elementor-element elementor-element-96f666e elementor-widget elementor-widget-button\" data-id=\"96f666e\" data-element_type=\"widget\" data-e-type=\"widget\" data-widget_type=\"button.default\">\n\t\t\t\t<div class=\"elementor-widget-container\">\n\t\t\t\t\t\t\t\t\t<div class=\"elementor-button-wrapper\">\n\t\t\t\t\t<a class=\"elementor-button elementor-button-link elementor-size-sm\" href=\"http:\/\/elevatecompetences.com\/es\/download\/10292\/?tmstv=1761851977\">\n\t\t\t\t\t\t<span class=\"elementor-button-content-wrapper\">\n\t\t\t\t\t\t\t\t\t<span class=\"elementor-button-text\">DESCARGAR MANUAL DE USUARIO<\/span>\n\t\t\t\t\t<\/span>\n\t\t\t\t\t<\/a>\n\t\t\t\t<\/div>\n\t\t\t\t\t\t\t\t<\/div>\n\t\t\t\t<\/div>\n\t\t\t\t<div class=\"elementor-element elementor-element-b2f22c2 elementor-widget elementor-widget-button\" data-id=\"b2f22c2\" data-element_type=\"widget\" data-e-type=\"widget\" data-widget_type=\"button.default\">\n\t\t\t\t<div class=\"elementor-widget-container\">\n\t\t\t\t\t\t\t\t\t<div class=\"elementor-button-wrapper\">\n\t\t\t\t\t<a class=\"elementor-button elementor-button-link elementor-size-sm\" href=\"http:\/\/elevatecompetences.com\/es\/download\/10294\/?tmstv=1761852062\">\n\t\t\t\t\t\t<span class=\"elementor-button-content-wrapper\">\n\t\t\t\t\t\t\t\t\t<span class=\"elementor-button-text\">DESCARGAR MANUAL DE  PROP\u00d3SITO<\/span>\n\t\t\t\t\t<\/span>\n\t\t\t\t\t<\/a>\n\t\t\t\t<\/div>\n\t\t\t\t\t\t\t\t<\/div>\n\t\t\t\t<\/div>\n\t\t\t\t<div class=\"elementor-element elementor-element-a2b576b elementor-widget elementor-widget-button\" data-id=\"a2b576b\" data-element_type=\"widget\" data-e-type=\"widget\" data-widget_type=\"button.default\">\n\t\t\t\t<div class=\"elementor-widget-container\">\n\t\t\t\t\t\t\t\t\t<div class=\"elementor-button-wrapper\">\n\t\t\t\t\t<a class=\"elementor-button elementor-button-link elementor-size-sm\" href=\"http:\/\/elevatecompetences.com\/es\/download\/10297\/?tmstv=1761852159\">\n\t\t\t\t\t\t<span class=\"elementor-button-content-wrapper\">\n\t\t\t\t\t\t\t\t\t<span class=\"elementor-button-text\">DESCARGAR MANUAL DE PR\u00c1CTICAS<\/span>\n\t\t\t\t\t<\/span>\n\t\t\t\t\t<\/a>\n\t\t\t\t<\/div>\n\t\t\t\t\t\t\t\t<\/div>\n\t\t\t\t<\/div>\n\t\t\t\t<div class=\"elementor-element elementor-element-29297d5 elementor-widget elementor-widget-button\" data-id=\"29297d5\" data-element_type=\"widget\" data-e-type=\"widget\" data-widget_type=\"button.default\">\n\t\t\t\t<div class=\"elementor-widget-container\">\n\t\t\t\t\t\t\t\t\t<div class=\"elementor-button-wrapper\">\n\t\t\t\t\t<a class=\"elementor-button elementor-button-link elementor-size-sm\" href=\"http:\/\/elevatecompetences.com\/es\/download\/10299\/?tmstv=1761852221\">\n\t\t\t\t\t\t<span class=\"elementor-button-content-wrapper\">\n\t\t\t\t\t\t\t\t\t<span class=\"elementor-button-text\">DESCARGAR MANUAL DE PROCESO<\/span>\n\t\t\t\t\t<\/span>\n\t\t\t\t\t<\/a>\n\t\t\t\t<\/div>\n\t\t\t\t\t\t\t\t<\/div>\n\t\t\t\t<\/div>\n\t\t\t\t<\/div>\n\t\t\t\t\t<\/div>\n\t\t\t\t<\/div>\n\t\t\t\t<\/div>","protected":false},"excerpt":{"rendered":"<p>UN CRECIMIENTO IMPULSADO POR LA CULTURA HERRAMIENTA DE AUTOEVALUACI\u00d3N PARA ORGANIZACIONES CON VISI\u00d3N DE FUTURO \u00bfEst\u00e1 preparada tu organizaci\u00f3n para impulsar la diversidad? Casi todas las organizaciones experimentan hoy en d\u00eda alg\u00fan nivel de diversidad cultural. Queremos invitarte a reflexionar sobre\u00a0el enfoque de tu organizaci\u00f3n con respecto a la diversidad, para crear un entorno de [&hellip;]<\/p>\n","protected":false},"author":5,"featured_media":0,"parent":8991,"menu_order":0,"comment_status":"closed","ping_status":"closed","template":"","meta":{"footnotes":""},"class_list":["post-10023","page","type-page","status-publish","hentry"],"blocksy_meta":[],"yoast_head":"<!-- This site is optimized with the Yoast SEO plugin v27.4 - https:\/\/yoast.com\/product\/yoast-seo-wordpress\/ -->\n<title>Herramienta de autoevaluaci\u00f3n - ELEVATE<\/title>\n<meta name=\"robots\" content=\"index, follow, max-snippet:-1, max-image-preview:large, max-video-preview:-1\" \/>\n<link rel=\"canonical\" href=\"https:\/\/elevatecompetences.com\/es\/resultados\/herramienta-de-autoevaluacion\/\" \/>\n<meta property=\"og:locale\" content=\"es_ES\" \/>\n<meta property=\"og:type\" content=\"article\" \/>\n<meta property=\"og:title\" content=\"Herramienta de autoevaluaci\u00f3n - ELEVATE\" \/>\n<meta property=\"og:description\" content=\"UN CRECIMIENTO IMPULSADO POR LA CULTURA HERRAMIENTA DE AUTOEVALUACI\u00d3N PARA ORGANIZACIONES CON VISI\u00d3N DE FUTURO \u00bfEst\u00e1 preparada tu organizaci\u00f3n para impulsar la diversidad? Casi todas las organizaciones experimentan hoy en d\u00eda alg\u00fan nivel de diversidad cultural. Queremos invitarte a reflexionar sobre\u00a0el enfoque de tu organizaci\u00f3n con respecto a la diversidad, para crear un entorno de [&hellip;]\" \/>\n<meta property=\"og:url\" content=\"https:\/\/elevatecompetences.com\/es\/resultados\/herramienta-de-autoevaluacion\/\" \/>\n<meta property=\"og:site_name\" content=\"ELEVATE\" \/>\n<meta property=\"article:modified_time\" content=\"2026-01-08T15:47:32+00:00\" \/>\n<meta property=\"og:image\" content=\"http:\/\/elevatecompetences.com\/wp-content\/uploads\/2026\/01\/2-1536x864.jpg\" \/>\n<meta name=\"twitter:card\" content=\"summary_large_image\" \/>\n<meta name=\"twitter:label1\" content=\"Tiempo de lectura\" \/>\n\t<meta name=\"twitter:data1\" content=\"7 minutos\" \/>\n<script type=\"application\/ld+json\" class=\"yoast-schema-graph\">{\"@context\":\"https:\\\/\\\/schema.org\",\"@graph\":[{\"@type\":\"WebPage\",\"@id\":\"https:\\\/\\\/elevatecompetences.com\\\/es\\\/resultados\\\/herramienta-de-autoevaluacion\\\/\",\"url\":\"https:\\\/\\\/elevatecompetences.com\\\/es\\\/resultados\\\/herramienta-de-autoevaluacion\\\/\",\"name\":\"Herramienta de autoevaluaci\u00f3n - ELEVATE\",\"isPartOf\":{\"@id\":\"https:\\\/\\\/elevatecompetences.com\\\/es\\\/#website\"},\"primaryImageOfPage\":{\"@id\":\"https:\\\/\\\/elevatecompetences.com\\\/es\\\/resultados\\\/herramienta-de-autoevaluacion\\\/#primaryimage\"},\"image\":{\"@id\":\"https:\\\/\\\/elevatecompetences.com\\\/es\\\/resultados\\\/herramienta-de-autoevaluacion\\\/#primaryimage\"},\"thumbnailUrl\":\"http:\\\/\\\/elevatecompetences.com\\\/wp-content\\\/uploads\\\/2026\\\/01\\\/2-1536x864.jpg\",\"datePublished\":\"2025-10-29T16:20:52+00:00\",\"dateModified\":\"2026-01-08T15:47:32+00:00\",\"breadcrumb\":{\"@id\":\"https:\\\/\\\/elevatecompetences.com\\\/es\\\/resultados\\\/herramienta-de-autoevaluacion\\\/#breadcrumb\"},\"inLanguage\":\"es\",\"potentialAction\":[{\"@type\":\"ReadAction\",\"target\":[\"https:\\\/\\\/elevatecompetences.com\\\/es\\\/resultados\\\/herramienta-de-autoevaluacion\\\/\"]}]},{\"@type\":\"ImageObject\",\"inLanguage\":\"es\",\"@id\":\"https:\\\/\\\/elevatecompetences.com\\\/es\\\/resultados\\\/herramienta-de-autoevaluacion\\\/#primaryimage\",\"url\":\"http:\\\/\\\/elevatecompetences.com\\\/wp-content\\\/uploads\\\/2026\\\/01\\\/2-1536x864.jpg\",\"contentUrl\":\"http:\\\/\\\/elevatecompetences.com\\\/wp-content\\\/uploads\\\/2026\\\/01\\\/2-1536x864.jpg\"},{\"@type\":\"BreadcrumbList\",\"@id\":\"https:\\\/\\\/elevatecompetences.com\\\/es\\\/resultados\\\/herramienta-de-autoevaluacion\\\/#breadcrumb\",\"itemListElement\":[{\"@type\":\"ListItem\",\"position\":1,\"name\":\"Home\",\"item\":\"https:\\\/\\\/elevatecompetences.com\\\/es\\\/home-spanish\\\/\"},{\"@type\":\"ListItem\",\"position\":2,\"name\":\"Resultados\",\"item\":\"http:\\\/\\\/elevatecompetences.com\\\/es\\\/resultados\\\/\"},{\"@type\":\"ListItem\",\"position\":3,\"name\":\"Herramienta de autoevaluaci\u00f3n\"}]},{\"@type\":\"WebSite\",\"@id\":\"https:\\\/\\\/elevatecompetences.com\\\/es\\\/#website\",\"url\":\"https:\\\/\\\/elevatecompetences.com\\\/es\\\/\",\"name\":\"ELEVATE\",\"description\":\"Funded by the Erasmus+ Programme, ELEVATE brings together an international consortium of academic institutions, training providers, and social innovation organizations across different european countries. The project aims to redefine how intercultural competence is developed, evaluated, and sustained in vocational education and training (VET) and in broader organizational learning ecosystems.\",\"publisher\":{\"@id\":\"https:\\\/\\\/elevatecompetences.com\\\/es\\\/#organization\"},\"potentialAction\":[{\"@type\":\"SearchAction\",\"target\":{\"@type\":\"EntryPoint\",\"urlTemplate\":\"https:\\\/\\\/elevatecompetences.com\\\/es\\\/?s={search_term_string}\"},\"query-input\":{\"@type\":\"PropertyValueSpecification\",\"valueRequired\":true,\"valueName\":\"search_term_string\"}}],\"inLanguage\":\"es\"},{\"@type\":\"Organization\",\"@id\":\"https:\\\/\\\/elevatecompetences.com\\\/es\\\/#organization\",\"name\":\"ELEVATE\",\"url\":\"https:\\\/\\\/elevatecompetences.com\\\/es\\\/\",\"logo\":{\"@type\":\"ImageObject\",\"inLanguage\":\"es\",\"@id\":\"https:\\\/\\\/elevatecompetences.com\\\/es\\\/#\\\/schema\\\/logo\\\/image\\\/\",\"url\":\"https:\\\/\\\/elevatecompetences.com\\\/wp-content\\\/uploads\\\/2025\\\/02\\\/elevate-4-1.png\",\"contentUrl\":\"https:\\\/\\\/elevatecompetences.com\\\/wp-content\\\/uploads\\\/2025\\\/02\\\/elevate-4-1.png\",\"width\":208,\"height\":245,\"caption\":\"ELEVATE\"},\"image\":{\"@id\":\"https:\\\/\\\/elevatecompetences.com\\\/es\\\/#\\\/schema\\\/logo\\\/image\\\/\"}}]}<\/script>\n<!-- \/ Yoast SEO plugin. -->","yoast_head_json":{"title":"Herramienta de autoevaluaci\u00f3n - ELEVATE","robots":{"index":"index","follow":"follow","max-snippet":"max-snippet:-1","max-image-preview":"max-image-preview:large","max-video-preview":"max-video-preview:-1"},"canonical":"https:\/\/elevatecompetences.com\/es\/resultados\/herramienta-de-autoevaluacion\/","og_locale":"es_ES","og_type":"article","og_title":"Herramienta de autoevaluaci\u00f3n - ELEVATE","og_description":"UN CRECIMIENTO IMPULSADO POR LA CULTURA HERRAMIENTA DE AUTOEVALUACI\u00d3N PARA ORGANIZACIONES CON VISI\u00d3N DE FUTURO \u00bfEst\u00e1 preparada tu organizaci\u00f3n para impulsar la diversidad? Casi todas las organizaciones experimentan hoy en d\u00eda alg\u00fan nivel de diversidad cultural. Queremos invitarte a reflexionar sobre\u00a0el enfoque de tu organizaci\u00f3n con respecto a la diversidad, para crear un entorno de [&hellip;]","og_url":"https:\/\/elevatecompetences.com\/es\/resultados\/herramienta-de-autoevaluacion\/","og_site_name":"ELEVATE","article_modified_time":"2026-01-08T15:47:32+00:00","og_image":[{"url":"http:\/\/elevatecompetences.com\/wp-content\/uploads\/2026\/01\/2-1536x864.jpg","type":"","width":"","height":""}],"twitter_card":"summary_large_image","twitter_misc":{"Tiempo de lectura":"7 minutos"},"schema":{"@context":"https:\/\/schema.org","@graph":[{"@type":"WebPage","@id":"https:\/\/elevatecompetences.com\/es\/resultados\/herramienta-de-autoevaluacion\/","url":"https:\/\/elevatecompetences.com\/es\/resultados\/herramienta-de-autoevaluacion\/","name":"Herramienta de autoevaluaci\u00f3n - ELEVATE","isPartOf":{"@id":"https:\/\/elevatecompetences.com\/es\/#website"},"primaryImageOfPage":{"@id":"https:\/\/elevatecompetences.com\/es\/resultados\/herramienta-de-autoevaluacion\/#primaryimage"},"image":{"@id":"https:\/\/elevatecompetences.com\/es\/resultados\/herramienta-de-autoevaluacion\/#primaryimage"},"thumbnailUrl":"http:\/\/elevatecompetences.com\/wp-content\/uploads\/2026\/01\/2-1536x864.jpg","datePublished":"2025-10-29T16:20:52+00:00","dateModified":"2026-01-08T15:47:32+00:00","breadcrumb":{"@id":"https:\/\/elevatecompetences.com\/es\/resultados\/herramienta-de-autoevaluacion\/#breadcrumb"},"inLanguage":"es","potentialAction":[{"@type":"ReadAction","target":["https:\/\/elevatecompetences.com\/es\/resultados\/herramienta-de-autoevaluacion\/"]}]},{"@type":"ImageObject","inLanguage":"es","@id":"https:\/\/elevatecompetences.com\/es\/resultados\/herramienta-de-autoevaluacion\/#primaryimage","url":"http:\/\/elevatecompetences.com\/wp-content\/uploads\/2026\/01\/2-1536x864.jpg","contentUrl":"http:\/\/elevatecompetences.com\/wp-content\/uploads\/2026\/01\/2-1536x864.jpg"},{"@type":"BreadcrumbList","@id":"https:\/\/elevatecompetences.com\/es\/resultados\/herramienta-de-autoevaluacion\/#breadcrumb","itemListElement":[{"@type":"ListItem","position":1,"name":"Home","item":"https:\/\/elevatecompetences.com\/es\/home-spanish\/"},{"@type":"ListItem","position":2,"name":"Resultados","item":"http:\/\/elevatecompetences.com\/es\/resultados\/"},{"@type":"ListItem","position":3,"name":"Herramienta de autoevaluaci\u00f3n"}]},{"@type":"WebSite","@id":"https:\/\/elevatecompetences.com\/es\/#website","url":"https:\/\/elevatecompetences.com\/es\/","name":"ELEVAR","description":"Funded by the Erasmus+ Programme, ELEVATE brings together an international consortium of academic institutions, training providers, and social innovation organizations across different european countries. The project aims to redefine how intercultural competence is developed, evaluated, and sustained in vocational education and training (VET) and in broader organizational learning ecosystems.","publisher":{"@id":"https:\/\/elevatecompetences.com\/es\/#organization"},"potentialAction":[{"@type":"SearchAction","target":{"@type":"EntryPoint","urlTemplate":"https:\/\/elevatecompetences.com\/es\/?s={search_term_string}"},"query-input":{"@type":"PropertyValueSpecification","valueRequired":true,"valueName":"search_term_string"}}],"inLanguage":"es"},{"@type":"Organization","@id":"https:\/\/elevatecompetences.com\/es\/#organization","name":"ELEVAR","url":"https:\/\/elevatecompetences.com\/es\/","logo":{"@type":"ImageObject","inLanguage":"es","@id":"https:\/\/elevatecompetences.com\/es\/#\/schema\/logo\/image\/","url":"https:\/\/elevatecompetences.com\/wp-content\/uploads\/2025\/02\/elevate-4-1.png","contentUrl":"https:\/\/elevatecompetences.com\/wp-content\/uploads\/2025\/02\/elevate-4-1.png","width":208,"height":245,"caption":"ELEVATE"},"image":{"@id":"https:\/\/elevatecompetences.com\/es\/#\/schema\/logo\/image\/"}}]}},"_links":{"self":[{"href":"https:\/\/elevatecompetences.com\/es\/wp-json\/wp\/v2\/pages\/10023","targetHints":{"allow":["GET"]}}],"collection":[{"href":"https:\/\/elevatecompetences.com\/es\/wp-json\/wp\/v2\/pages"}],"about":[{"href":"https:\/\/elevatecompetences.com\/es\/wp-json\/wp\/v2\/types\/page"}],"author":[{"embeddable":true,"href":"https:\/\/elevatecompetences.com\/es\/wp-json\/wp\/v2\/users\/5"}],"replies":[{"embeddable":true,"href":"https:\/\/elevatecompetences.com\/es\/wp-json\/wp\/v2\/comments?post=10023"}],"version-history":[{"count":122,"href":"https:\/\/elevatecompetences.com\/es\/wp-json\/wp\/v2\/pages\/10023\/revisions"}],"predecessor-version":[{"id":10383,"href":"https:\/\/elevatecompetences.com\/es\/wp-json\/wp\/v2\/pages\/10023\/revisions\/10383"}],"up":[{"embeddable":true,"href":"https:\/\/elevatecompetences.com\/es\/wp-json\/wp\/v2\/pages\/8991"}],"wp:attachment":[{"href":"https:\/\/elevatecompetences.com\/es\/wp-json\/wp\/v2\/media?parent=10023"}],"curies":[{"name":"wp","href":"https:\/\/api.w.org\/{rel}","templated":true}]}}